{"id":3664,"date":"2021-02-17T18:24:57","date_gmt":"2021-02-17T18:24:57","guid":{"rendered":"https:\/\/ifdc.edu.ar\/home\/?page_id=3664"},"modified":"2023-08-14T19:00:05","modified_gmt":"2023-08-14T19:00:05","slug":"3664-2","status":"publish","type":"page","link":"https:\/\/ifdc.edu.ar\/home\/3664-2\/","title":{"rendered":"Elecciones de Claustro"},"content":{"rendered":"<p>[et_pb_section fb_built=\u00bb1&#8243; _builder_version=\u00bb4.4.8&#8243; background_image=\u00bbhttps:\/\/ifdc.edu.ar\/home\/wp-content\/uploads\/2021\/02\/Gradiente-1.png\u00bb][et_pb_row _builder_version=\u00bb4.4.8&#8243;][et_pb_column type=\u00bb4_4&#8243; _builder_version=\u00bb4.4.8&#8243;][et_pb_text _builder_version=\u00bb4.4.8&#8243; header_text_color=\u00bb#f9f9f9&#8243;]<\/p>\n<header class=\"entry-header\">\n<header class=\"entry-header\">\n<header class=\"entry-header\">\n<h1 class=\"entry-title\" itemprop=\"headline\" style=\"text-align: center;\">Elecciones de Claustro<\/h1>\n<\/header>\n<div class=\"entry-content\" itemprop=\"text\">\n<div class=\"addtoany_share_save_container addtoany_content addtoany_content_top\">\n<div class=\"a2a_kit a2a_kit_size_32 addtoany_list\" data-a2a-url=\"https:\/\/ifdbariloche-rng.infd.edu.ar\/sitio\/elecciones-de-claustro\/\" data-a2a-title=\"Elecciones de Claustro\"><\/div>\n<\/div>\n<\/div>\n<\/header>\n<div class=\"entry-content\" itemprop=\"text\"><\/div>\n<\/header>\n<div class=\"entry-content\" itemprop=\"text\"><\/div>\n<p>[\/et_pb_text][\/et_pb_column][\/et_pb_row][\/et_pb_section][et_pb_section fb_built=\u00bb1&#8243; disabled_on=\u00bbon|on|on\u00bb _builder_version=\u00bb4.4.8&#8243; disabled=\u00bbon\u00bb][et_pb_row _builder_version=\u00bb4.4.8&#8243;][et_pb_column type=\u00bb4_4&#8243; _builder_version=\u00bb4.4.8&#8243;][et_pb_text _builder_version=\u00bb4.4.8&#8243;]<\/p>\n<p>La<span>\u00a0<\/span><a href=\"https:\/\/drive.google.com\/file\/d\/0B4iy7OfAvAgoM20tWGVUVWRodVk\/view\">Resoluci\u00f3n 2425\/16<\/a><span>\u00a0<\/span>establece que el gobierno de los Institutos de Formaci\u00f3n Docente Continua se realiza por medio de un Consejo Directivo donde se encuentran representados los docentes, estudiantes, graduados y el Equipo Directivo.<\/p>\n<p>Cuando el mandato \u00a0de los claustros de se encuentra vencido o hay vacancia el Consejo Directivo \u00a0llama a elecciones.<\/p>\n<p>El compromiso y la participaci\u00f3n en el gobierno democr\u00e1tico nos permite construir una instituci\u00f3n formadora para la inclusi\u00f3n.<\/p>\n<p>[\/et_pb_text][\/et_pb_column][\/et_pb_row][et_pb_row _builder_version=\u00bb4.4.8&#8243; custom_padding=\u00bb|||63px||\u00bb][et_pb_column type=\u00bb4_4&#8243; _builder_version=\u00bb4.4.8&#8243;][et_pb_text _builder_version=\u00bb4.4.8&#8243; custom_padding=\u00bb36px||32px|44px||\u00bb box_shadow_style=\u00bbpreset1&#8243;]<\/p>\n<h1>Elecciones de consejeres docentes\u00a0<\/h1>\n<p>Eecibimos la presentaci\u00f3n de Lista \u00abConstrucci\u00f3n Colectiva\u00bb para Consejeres Docentes integrada por:<\/p>\n<p>Titulares<br \/>1- Mariana Caram.<br \/>2- Daniela Rivarola.<br \/>3- Mariana Delgado.<br \/>4- Silvia Zanabria<\/p>\n<p>Suplentes:<br \/>1- Anal\u00eda Palacios.<br \/>2- Isabel Huaiquil.<br \/>3- Valeria Carpio.<br \/>4- Jose Gim\u00e9nez.<\/p>\n<p>Hasta este viernes 08\/10 se encuentra vigente el plazo para la impugnaci\u00f3n de la lista, la misma se realiza por mensajer\u00eda interna del campus a todos los miembros de esta junta.<\/p>\n<p><a href=\"https:\/\/ifdbariloche-rng.infd.edu.ar\/aula\/webmail.cgi?id_curso=1009\"><span>LINK a la secci\u00f3n mensajes del aula<\/span><\/a><\/p>\n<p><a href=\"https:\/\/drive.google.com\/file\/d\/1ogoaHMV9wz9rHzKKsjtJSrr-YAxAlpx6\/view?usp=sharing\" target=\"_blank\" rel=\"noopener\"><span>LINK al padr\u00f3n definitivo<\/span><\/a><\/p>\n<p><a href=\"https:\/\/drive.google.com\/file\/d\/1o7w60u87qSb2f66LWwyyYT6z-_BhNpyX\/view?usp=sharing\" target=\"_blank\" rel=\"noopener\"><span>DISPOSICI\u00d3N N.\u00ba 31\/21 Cronograma<\/span><\/a><\/p>\n<p>[\/et_pb_text][\/et_pb_column][\/et_pb_row][et_pb_row column_structure=\u00bb1_3,1_3,1_3&#8243; _builder_version=\u00bb4.4.8&#8243; custom_margin=\u00bb|auto|1px|auto||\u00bb locked=\u00bboff\u00bb][et_pb_column type=\u00bb1_3&#8243; _builder_version=\u00bb4.4.8&#8243;][et_pb_blurb url=\u00bbhttps:\/\/ifdc.edu.ar\/home\/5198-2\/\u00bb use_icon=\u00bbon\u00bb font_icon=\u00bb%%72%%\u00bb icon_color=\u00bb#1e73be\u00bb _builder_version=\u00bb4.4.8&#8243; custom_padding=\u00bb15px|15px|15px|15px|false|false\u00bb box_shadow_style=\u00bbpreset1&#8243;]<\/p>\n<p style=\"text-align: center;\"><strong>Egresadxs<\/strong><\/p>\n<p>[\/et_pb_blurb][\/et_pb_column][et_pb_column type=\u00bb1_3&#8243; _builder_version=\u00bb4.4.8&#8243;][et_pb_blurb url=\u00bbhttps:\/\/ifdc.edu.ar\/home\/claustro-docente-elecciones\/\u00bb use_icon=\u00bbon\u00bb font_icon=\u00bb%%72%%\u00bb icon_color=\u00bb#17b2ff\u00bb _builder_version=\u00bb4.4.8&#8243; custom_padding=\u00bb15px|15px|15px|15px|false|false\u00bb box_shadow_style=\u00bbpreset1&#8243;]<\/p>\n<p style=\"text-align: center;\"><b>Docentes<\/b><\/p>\n<p>[\/et_pb_blurb][\/et_pb_column][et_pb_column type=\u00bb1_3&#8243; _builder_version=\u00bb4.4.8&#8243;][et_pb_blurb url=\u00bbhttps:\/\/ifdc.edu.ar\/home\/5199-2\/\u00bb use_icon=\u00bbon\u00bb font_icon=\u00bb%%72%%\u00bb icon_color=\u00bb#4f4f4f\u00bb _builder_version=\u00bb4.4.8&#8243; custom_padding=\u00bb15px|15px|15px|15px|false|false\u00bb box_shadow_style=\u00bbpreset1&#8243;]<\/p>\n<p style=\"text-align: center;\"><strong>Estudiantes<\/strong><\/p>\n<p>[\/et_pb_blurb][\/et_pb_column][\/et_pb_row][et_pb_row _builder_version=\u00bb4.4.8&#8243;][et_pb_column type=\u00bb4_4&#8243; _builder_version=\u00bb4.4.8&#8243;][\/et_pb_column][\/et_pb_row][\/et_pb_section][et_pb_section fb_built=\u00bb1&#8243; _builder_version=\u00bb4.4.8&#8243;][et_pb_row _builder_version=\u00bb4.4.8&#8243;][et_pb_column type=\u00bb4_4&#8243; _builder_version=\u00bb4.4.8&#8243;][et_pb_text _builder_version=\u00bb4.4.8&#8243;]<\/p>\n<p><span style=\"font-weight: 400;\">Al Claustro Docente:<\/span><\/p>\n<p>&nbsp;<\/p>\n<p><span style=\"font-weight: 400;\">\u201cCon motivo de realizarse en la instituci\u00f3n las elecciones para elegir los representantes titulares y suplentes del Claustro Docente , se publica el padr\u00f3n provisorio para este acto electoral. Quienes se encuentran en m\u00e1s de un padr\u00f3n (de estudiantes, de<\/span><\/p>\n<p><span style=\"font-weight: 400;\">egresades y de profesores) deben informar a la Junta Electoral (eleccionesifdc@gmail.com) entre el 14 y el 18\/8 en cu\u00e1l padr\u00f3n deciden<\/span><\/p>\n<p><span style=\"font-weight: 400;\">permanecer. En ese mismo per\u00edodo se recepcionar\u00e1n impugnaciones o modificaciones en el mismo correo.<\/span><\/p>\n<p><span style=\"font-weight: 400;\">Estas elecciones se dar\u00e1n acorde a este cronograma, tal como fue acordado por esta junta:<\/span><\/p>\n<p>[\/et_pb_text][\/et_pb_column][\/et_pb_row][et_pb_row _builder_version=\u00bb4.4.8&#8243; hover_enabled=\u00bb0&#8243;][et_pb_column type=\u00bb4_4&#8243; _builder_version=\u00bb4.4.8&#8243;][et_pb_text _builder_version=\u00bb4.4.8&#8243;]<\/p>\n<p>&nbsp;<\/p>\n<p><span style=\"font-weight: 400;\">Al Claustro DE EGRESADAS\/OS<\/span><\/p>\n<p>&nbsp;<\/p>\n<p><span style=\"font-weight: 400;\">Con motivo de realizarse en la instituci\u00f3n las elecciones para elegir los representantes titulares y suplentes del Claustro DE EGRESADAS\/OS , se publica el padr\u00f3n provisorio para este acto electoral. Quienes se encuentran en m\u00e1s de un padr\u00f3n (de estudiantes, de egresades y de profesores) deben informar a la Junta Electoral (eleccionesifdc@gmail.com) entre el 14 y el 18\/8 en cu\u00e1l padr\u00f3n deciden permanecer. En ese mismo per\u00edodo se recepcionar\u00e1n impugnaciones o modificaciones en el mismo correo.<\/span><\/p>\n<p><span style=\"font-weight: 400;\">Estas elecciones se dar\u00e1n acorde a este cronograma, tal como fue acordado por esta junta:<\/span><\/p>\n<p>[\/et_pb_text][\/et_pb_column][\/et_pb_row][et_pb_row _builder_version=\u00bb4.4.8&#8243; custom_padding=\u00bb|||63px||\u00bb][et_pb_column type=\u00bb4_4&#8243; _builder_version=\u00bb4.4.8&#8243;][et_pb_text _builder_version=\u00bb4.4.8&#8243; custom_padding=\u00bb36px||32px|44px||\u00bb box_shadow_style=\u00bbpreset1&#8243;]<\/p>\n<ul>\n<li><span style=\"font-weight: 400;\"> Lunes 14\/8: publicaci\u00f3n de padrones provisorios.<\/span><\/li>\n<li><span style=\"font-weight: 400;\"> Desde el lunes 14\/8 al viernes 18\/8: recepci\u00f3n de impugnaciones a este correo <\/span><span style=\"font-weight: 400;\">eleccionesifdc@gmail.com<\/span><\/li>\n<li><span style=\"font-weight: 400;\"> Martes 22\/8: publicaci\u00f3n de padrones definitivos.<\/span><\/li>\n<li><span style=\"font-weight: 400;\"> Lunes 28\/8: presentaci\u00f3n de listas.<\/span><\/li>\n<li><span style=\"font-weight: 400;\"> Jueves 31\/8: finaliza plazo de impugnaci\u00f3n de lista.<\/span><\/li>\n<li><span style=\"font-weight: 400;\"> Lunes 4\/9: oficializaci\u00f3n de listas e inicio de campa\u00f1a.<\/span><\/li>\n<li><span style=\"font-weight: 400;\"> Viernes 15\/9 a las 23:59 hs: finalizaci\u00f3n de campa\u00f1a.<\/span><\/li>\n<li><span style=\"font-weight: 400;\"> Martes 19\/9: fecha de elecciones\u201d<\/span><\/li>\n<\/ul>\n<h1><a href=\"https:\/\/drive.google.com\/file\/d\/1o7w60u87qSb2f66LWwyyYT6z-_BhNpyX\/view?usp=sharing\" target=\"_blank\" rel=\"noopener\" style=\"font-size: 14px;\"><\/a><\/h1>\n<p>[\/et_pb_text][\/et_pb_column][\/et_pb_row][et_pb_row column_structure=\u00bb1_2,1_2&#8243; _builder_version=\u00bb4.4.8&#8243; custom_margin=\u00bb|auto|1px|auto||\u00bb hover_enabled=\u00bb0&#8243; locked=\u00bboff\u00bb][et_pb_column type=\u00bb1_2&#8243; _builder_version=\u00bb4.4.8&#8243;][et_pb_blurb url=\u00bbhttps:\/\/drive.google.com\/file\/d\/1uD_BnbH-Z427miY3xABlggQLVDHLvpWn\/view\u00bb use_icon=\u00bbon\u00bb font_icon=\u00bb%%72%%\u00bb icon_color=\u00bb#1e73be\u00bb _builder_version=\u00bb4.4.8&#8243; custom_padding=\u00bb15px|15px|15px|15px|false|false\u00bb hover_enabled=\u00bb0&#8243; box_shadow_style=\u00bbpreset1&#8243; locked=\u00bboff\u00bb]<\/p>\n<p style=\"text-align: center;\"><b>Padr\u00f3n provisorio docentes<\/b><\/p>\n<p>[\/et_pb_blurb][\/et_pb_column][et_pb_column type=\u00bb1_2&#8243; _builder_version=\u00bb4.4.8&#8243;][et_pb_blurb url=\u00bbhttps:\/\/drive.google.com\/file\/d\/15EdME7a96qakoiMDn0r2sz0qa6xt50Lc\/view?usp=sharing\u00bb use_icon=\u00bbon\u00bb font_icon=\u00bb%%72%%\u00bb icon_color=\u00bb#17b2ff\u00bb _builder_version=\u00bb4.4.8&#8243; custom_padding=\u00bb15px|15px|15px|15px|false|false\u00bb box_shadow_style=\u00bbpreset1&#8243;]<\/p>\n<p style=\"text-align: center;\"><b>Padr\u00f3n provisorio egresadxs<\/b><\/p>\n<p>[\/et_pb_blurb][\/et_pb_column][\/et_pb_row][et_pb_row _builder_version=\u00bb4.4.8&#8243;][et_pb_column type=\u00bb4_4&#8243; _builder_version=\u00bb4.4.8&#8243;][et_pb_testimonial portrait_url=\u00bbhttps:\/\/ifdc.edu.ar\/home\/wp-content\/uploads\/2021\/02\/cropped-logoifdcbariloche-e1534345367592.png\u00bb quote_icon=\u00bboff\u00bb _builder_version=\u00bb4.4.8&#8243;]<\/p>\n<p><strong>Quienes sean parte de m\u00e1s de un claustro deber\u00e1n optar por medio de cual emitir\u00e1n su voto y notificarlo a la Junta Electoral a trav\u00e9s del mail\u00a0<a href=\"mailto:direccion@ifdc.edu.ar\">direccion@ifdc.edu.ar<\/a><\/strong><\/p>\n<p><strong>Si detectan alguna omisi\u00f3n o error en el Padr\u00f3n Provisorio deber\u00e1n comunicarse a <a href=\"mailto:direccion@ifdc.edu.ar\">direccion@ifdc.edu.ar<\/a><\/strong><\/p>\n<p>[\/et_pb_testimonial][\/et_pb_column][\/et_pb_row][\/et_pb_section]<\/p>\n","protected":false},"excerpt":{"rendered":"<p>[et_pb_section fb_built=\u00bb1&#8243; _builder_version=\u00bb4.4.8&#8243; background_image=\u00bbhttps:\/\/ifdc.edu.ar\/home\/wp-content\/uploads\/2021\/02\/Gradiente-1.png\u00bb][et_pb_row _builder_version=\u00bb4.4.8&#8243;][et_pb_column type=\u00bb4_4&#8243; _builder_version=\u00bb4.4.8&#8243;][et_pb_text _builder_version=\u00bb4.4.8&#8243; header_text_color=\u00bb#f9f9f9&#8243;] Elecciones de Claustro [\/et_pb_text][\/et_pb_column][\/et_pb_row][\/et_pb_section][et_pb_section fb_built=\u00bb1&#8243; disabled_on=\u00bbon|on|on\u00bb _builder_version=\u00bb4.4.8&#8243; disabled=\u00bbon\u00bb][et_pb_row _builder_version=\u00bb4.4.8&#8243;][et_pb_column type=\u00bb4_4&#8243; _builder_version=\u00bb4.4.8&#8243;][et_pb_text _builder_version=\u00bb4.4.8&#8243;] La\u00a0Resoluci\u00f3n 2425\/16\u00a0establece que el gobierno de los Institutos de [&hellip;]<\/p>\n","protected":false},"author":3,"featured_media":0,"parent":0,"menu_order":0,"comment_status":"closed","ping_status":"closed","template":"","meta":{"_et_pb_use_builder":"on","_et_pb_old_content":"","_et_gb_content_width":"","footnotes":""},"class_list":["post-3664","page","type-page","status-publish","hentry"],"yoast_head":"<!-- This site is optimized with the Yoast SEO plugin v26.9 - https:\/\/yoast.com\/product\/yoast-seo-wordpress\/ -->\n<title>Elecciones de Claustro - IFDC Bariloche<\/title>\n<meta name=\"robots\" content=\"index, follow, max-snippet:-1, max-image-preview:large, max-video-preview:-1\" \/>\n<link rel=\"canonical\" href=\"https:\/\/ifdc.edu.ar\/home\/3664-2\/\" \/>\n<meta property=\"og:locale\" content=\"es_ES\" \/>\n<meta property=\"og:type\" content=\"article\" \/>\n<meta property=\"og:title\" content=\"Elecciones de Claustro - IFDC Bariloche\" \/>\n<meta property=\"og:description\" content=\"[et_pb_section fb_built=\u00bb1&#8243; _builder_version=\u00bb4.4.8&#8243; background_image=\u00bbhttps:\/\/ifdc.edu.ar\/home\/wp-content\/uploads\/2021\/02\/Gradiente-1.png\u00bb][et_pb_row _builder_version=\u00bb4.4.8&#8243;][et_pb_column type=\u00bb4_4&#8243; _builder_version=\u00bb4.4.8&#8243;][et_pb_text _builder_version=\u00bb4.4.8&#8243; header_text_color=\u00bb#f9f9f9&#8243;] Elecciones de Claustro [\/et_pb_text][\/et_pb_column][\/et_pb_row][\/et_pb_section][et_pb_section fb_built=\u00bb1&#8243; disabled_on=\u00bbon|on|on\u00bb _builder_version=\u00bb4.4.8&#8243; disabled=\u00bbon\u00bb][et_pb_row _builder_version=\u00bb4.4.8&#8243;][et_pb_column type=\u00bb4_4&#8243; _builder_version=\u00bb4.4.8&#8243;][et_pb_text _builder_version=\u00bb4.4.8&#8243;] La\u00a0Resoluci\u00f3n 2425\/16\u00a0establece que el gobierno de los Institutos de [&hellip;]\" \/>\n<meta property=\"og:url\" content=\"https:\/\/ifdc.edu.ar\/home\/3664-2\/\" \/>\n<meta property=\"og:site_name\" content=\"IFDC Bariloche\" \/>\n<meta property=\"article:modified_time\" content=\"2023-08-14T19:00:05+00:00\" \/>\n<meta name=\"twitter:card\" content=\"summary_large_image\" \/>\n<meta name=\"twitter:label1\" content=\"Tiempo de lectura\" \/>\n\t<meta name=\"twitter:data1\" content=\"5 minutos\" \/>\n<script type=\"application\/ld+json\" class=\"yoast-schema-graph\">{\"@context\":\"https:\/\/schema.org\",\"@graph\":[{\"@type\":\"WebPage\",\"@id\":\"https:\/\/ifdc.edu.ar\/home\/3664-2\/\",\"url\":\"https:\/\/ifdc.edu.ar\/home\/3664-2\/\",\"name\":\"Elecciones de Claustro - IFDC Bariloche\",\"isPartOf\":{\"@id\":\"https:\/\/ifdc.edu.ar\/home\/#website\"},\"datePublished\":\"2021-02-17T18:24:57+00:00\",\"dateModified\":\"2023-08-14T19:00:05+00:00\",\"breadcrumb\":{\"@id\":\"https:\/\/ifdc.edu.ar\/home\/3664-2\/#breadcrumb\"},\"inLanguage\":\"es\",\"potentialAction\":[{\"@type\":\"ReadAction\",\"target\":[\"https:\/\/ifdc.edu.ar\/home\/3664-2\/\"]}]},{\"@type\":\"BreadcrumbList\",\"@id\":\"https:\/\/ifdc.edu.ar\/home\/3664-2\/#breadcrumb\",\"itemListElement\":[{\"@type\":\"ListItem\",\"position\":1,\"name\":\"Portada\",\"item\":\"https:\/\/ifdc.edu.ar\/home\/\"},{\"@type\":\"ListItem\",\"position\":2,\"name\":\"Elecciones de Claustro\"}]},{\"@type\":\"WebSite\",\"@id\":\"https:\/\/ifdc.edu.ar\/home\/#website\",\"url\":\"https:\/\/ifdc.edu.ar\/home\/\",\"name\":\"IFDC Bariloche\",\"description\":\"IFDC Bariloche\",\"potentialAction\":[{\"@type\":\"SearchAction\",\"target\":{\"@type\":\"EntryPoint\",\"urlTemplate\":\"https:\/\/ifdc.edu.ar\/home\/?s={search_term_string}\"},\"query-input\":{\"@type\":\"PropertyValueSpecification\",\"valueRequired\":true,\"valueName\":\"search_term_string\"}}],\"inLanguage\":\"es\"}]}<\/script>\n<!-- \/ Yoast SEO plugin. -->","yoast_head_json":{"title":"Elecciones de Claustro - IFDC Bariloche","robots":{"index":"index","follow":"follow","max-snippet":"max-snippet:-1","max-image-preview":"max-image-preview:large","max-video-preview":"max-video-preview:-1"},"canonical":"https:\/\/ifdc.edu.ar\/home\/3664-2\/","og_locale":"es_ES","og_type":"article","og_title":"Elecciones de Claustro - IFDC Bariloche","og_description":"[et_pb_section fb_built=\u00bb1&#8243; _builder_version=\u00bb4.4.8&#8243; background_image=\u00bbhttps:\/\/ifdc.edu.ar\/home\/wp-content\/uploads\/2021\/02\/Gradiente-1.png\u00bb][et_pb_row _builder_version=\u00bb4.4.8&#8243;][et_pb_column type=\u00bb4_4&#8243; _builder_version=\u00bb4.4.8&#8243;][et_pb_text _builder_version=\u00bb4.4.8&#8243; header_text_color=\u00bb#f9f9f9&#8243;] Elecciones de Claustro [\/et_pb_text][\/et_pb_column][\/et_pb_row][\/et_pb_section][et_pb_section fb_built=\u00bb1&#8243; disabled_on=\u00bbon|on|on\u00bb _builder_version=\u00bb4.4.8&#8243; disabled=\u00bbon\u00bb][et_pb_row _builder_version=\u00bb4.4.8&#8243;][et_pb_column type=\u00bb4_4&#8243; _builder_version=\u00bb4.4.8&#8243;][et_pb_text _builder_version=\u00bb4.4.8&#8243;] La\u00a0Resoluci\u00f3n 2425\/16\u00a0establece que el gobierno de los Institutos de [&hellip;]","og_url":"https:\/\/ifdc.edu.ar\/home\/3664-2\/","og_site_name":"IFDC Bariloche","article_modified_time":"2023-08-14T19:00:05+00:00","twitter_card":"summary_large_image","twitter_misc":{"Tiempo de lectura":"5 minutos"},"schema":{"@context":"https:\/\/schema.org","@graph":[{"@type":"WebPage","@id":"https:\/\/ifdc.edu.ar\/home\/3664-2\/","url":"https:\/\/ifdc.edu.ar\/home\/3664-2\/","name":"Elecciones de Claustro - IFDC Bariloche","isPartOf":{"@id":"https:\/\/ifdc.edu.ar\/home\/#website"},"datePublished":"2021-02-17T18:24:57+00:00","dateModified":"2023-08-14T19:00:05+00:00","breadcrumb":{"@id":"https:\/\/ifdc.edu.ar\/home\/3664-2\/#breadcrumb"},"inLanguage":"es","potentialAction":[{"@type":"ReadAction","target":["https:\/\/ifdc.edu.ar\/home\/3664-2\/"]}]},{"@type":"BreadcrumbList","@id":"https:\/\/ifdc.edu.ar\/home\/3664-2\/#breadcrumb","itemListElement":[{"@type":"ListItem","position":1,"name":"Portada","item":"https:\/\/ifdc.edu.ar\/home\/"},{"@type":"ListItem","position":2,"name":"Elecciones de Claustro"}]},{"@type":"WebSite","@id":"https:\/\/ifdc.edu.ar\/home\/#website","url":"https:\/\/ifdc.edu.ar\/home\/","name":"IFDC Bariloche","description":"IFDC Bariloche","potentialAction":[{"@type":"SearchAction","target":{"@type":"EntryPoint","urlTemplate":"https:\/\/ifdc.edu.ar\/home\/?s={search_term_string}"},"query-input":{"@type":"PropertyValueSpecification","valueRequired":true,"valueName":"search_term_string"}}],"inLanguage":"es"}]}},"_links":{"self":[{"href":"https:\/\/ifdc.edu.ar\/home\/wp-json\/wp\/v2\/pages\/3664","targetHints":{"allow":["GET"]}}],"collection":[{"href":"https:\/\/ifdc.edu.ar\/home\/wp-json\/wp\/v2\/pages"}],"about":[{"href":"https:\/\/ifdc.edu.ar\/home\/wp-json\/wp\/v2\/types\/page"}],"author":[{"embeddable":true,"href":"https:\/\/ifdc.edu.ar\/home\/wp-json\/wp\/v2\/users\/3"}],"replies":[{"embeddable":true,"href":"https:\/\/ifdc.edu.ar\/home\/wp-json\/wp\/v2\/comments?post=3664"}],"version-history":[{"count":13,"href":"https:\/\/ifdc.edu.ar\/home\/wp-json\/wp\/v2\/pages\/3664\/revisions"}],"predecessor-version":[{"id":7962,"href":"https:\/\/ifdc.edu.ar\/home\/wp-json\/wp\/v2\/pages\/3664\/revisions\/7962"}],"wp:attachment":[{"href":"https:\/\/ifdc.edu.ar\/home\/wp-json\/wp\/v2\/media?parent=3664"}],"curies":[{"name":"wp","href":"https:\/\/api.w.org\/{rel}","templated":true}]}}