{"id":3696,"date":"2021-02-17T16:02:19","date_gmt":"2021-02-17T16:02:19","guid":{"rendered":"https:\/\/ifdc.edu.ar\/home\/?page_id=3696"},"modified":"2021-05-17T15:29:53","modified_gmt":"2021-05-17T15:29:53","slug":"3696-2","status":"publish","type":"page","link":"https:\/\/ifdc.edu.ar\/home\/3696-2\/","title":{"rendered":"Conversaciones, mates e ideas virtuales 2020"},"content":{"rendered":"<p>[et_pb_section fb_built=\u00bb1&#8243; _builder_version=\u00bb4.4.8&#8243;][et_pb_row _builder_version=\u00bb4.4.8&#8243;][et_pb_column type=\u00bb4_4&#8243; _builder_version=\u00bb4.4.8&#8243;][et_pb_text _builder_version=\u00bb4.4.8&#8243;]<\/p>\n<h1><strong>CICLO DE CONVERSACIONES, MATES E IDEAS VIRTUALES 2020<\/strong><\/h1>\n<p>[\/et_pb_text][\/et_pb_column][\/et_pb_row][et_pb_row _builder_version=\u00bb4.4.8&#8243;][et_pb_column type=\u00bb4_4&#8243; _builder_version=\u00bb4.4.8&#8243;][et_pb_video src=\u00bbhttps:\/\/youtu.be\/9hH1fVygNK8&#8243; _builder_version=\u00bb4.4.8&#8243;][\/et_pb_video][\/et_pb_column][\/et_pb_row][et_pb_row _builder_version=\u00bb4.4.8&#8243;][et_pb_column type=\u00bb4_4&#8243; _builder_version=\u00bb4.4.8&#8243;][et_pb_divider color=\u00bb#0c71c3&#8243; _builder_version=\u00bb4.4.8&#8243;][\/et_pb_divider][\/et_pb_column][\/et_pb_row][et_pb_row column_structure=\u00bb1_2,1_2&#8243; _builder_version=\u00bb4.4.8&#8243; custom_padding=\u00bb20px|20px|20px|20px|false|false\u00bb box_shadow_style=\u00bbpreset1&#8243;][et_pb_column type=\u00bb1_2&#8243; _builder_version=\u00bb4.4.8&#8243;][et_pb_image src=\u00bbhttps:\/\/ifdc.edu.ar\/home\/wp-content\/uploads\/2021\/05\/1a.jpg\u00bb title_text=\u00bb1a\u00bb align=\u00bbcenter\u00bb _builder_version=\u00bb4.4.8&#8243; background_color=\u00bbrgba(0,0,0,0)\u00bb filter_saturate=\u00bb60%\u00bb][\/et_pb_image][\/et_pb_column][et_pb_column type=\u00bb1_2&#8243; _builder_version=\u00bb4.4.8&#8243;][et_pb_text _builder_version=\u00bb4.4.8&#8243;]<\/p>\n<h3><strong>Estados alterados: reflexiones sobre el cuerpo en tiempos de pandemia\u00a0<\/strong><\/h3>\n<p><strong><\/strong><\/p>\n<p style=\"text-align: right;\"><strong><em>Pepo Ricardo Surdo<\/em><\/strong><\/p>\n<p style=\"text-align: right;\"><strong><em>Gustavo Rivas<\/em><\/strong><\/p>\n<p style=\"text-align: right;\"><strong><em><\/em><\/strong><\/p>\n<p><span>Moderadoras: Alejandra Rosso y Jimena Aguirre<\/span><\/p>\n<p>[\/et_pb_text][et_pb_divider color=\u00bb#000000&#8243; _builder_version=\u00bb4.4.8&#8243;][\/et_pb_divider][et_pb_button button_url=\u00bbhttps:\/\/youtu.be\/9UJc5Q-jPl0&#8243; button_text=\u00bbClic aqu\u00ed para visualizar el encuentro\u00bb button_alignment=\u00bbcenter\u00bb _builder_version=\u00bb4.4.8&#8243; custom_button=\u00bbon\u00bb button_text_color=\u00bb#ffffff\u00bb button_bg_color=\u00bb#0c71c3&#8243; button_border_radius=\u00bb25px\u00bb background_layout=\u00bbdark\u00bb button_text_shadow_style=\u00bbpreset2&#8243;][\/et_pb_button][\/et_pb_column][\/et_pb_row][et_pb_row _builder_version=\u00bb4.4.8&#8243;][et_pb_column type=\u00bb4_4&#8243; _builder_version=\u00bb4.4.8&#8243;][et_pb_divider color=\u00bb#0c71c3&#8243; _builder_version=\u00bb4.4.8&#8243;][\/et_pb_divider][\/et_pb_column][\/et_pb_row][et_pb_row column_structure=\u00bb1_2,1_2&#8243; _builder_version=\u00bb4.4.8&#8243; custom_padding=\u00bb20px|20px|20px|20px|false|false\u00bb box_shadow_style=\u00bbpreset1&#8243;][et_pb_column type=\u00bb1_2&#8243; _builder_version=\u00bb4.4.8&#8243;][et_pb_text _builder_version=\u00bb4.4.8&#8243; background_image=\u00bbhttps:\/\/ifdc.edu.ar\/home\/wp-content\/uploads\/2021\/05\/2a-1.jpg\u00bb min_height=\u00bb315px\u00bb filter_saturate=\u00bb60%\u00bb][\/et_pb_text][\/et_pb_column][et_pb_column type=\u00bb1_2&#8243; _builder_version=\u00bb4.4.8&#8243;][et_pb_text _builder_version=\u00bb4.4.8&#8243;]<\/p>\n<h3><strong>Infancias en aislamiento<\/strong><strong style=\"font-size: 22px;\">\u00a0\u00a0<\/strong><\/h3>\n<p><strong><\/strong><\/p>\n<p style=\"text-align: right;\"><em><strong>Patricia Redondo<\/strong><\/em><\/p>\n<p style=\"text-align: right;\"><em><strong>Silvia Rebagliati<\/strong><\/em><\/p>\n<p style=\"text-align: right;\"><strong><em><\/em><\/strong><\/p>\n<p><span>Moderadoras: Evelina Brinnitzer y Carolina Sena<\/span><\/p>\n<p>[\/et_pb_text][et_pb_divider color=\u00bb#000000&#8243; _builder_version=\u00bb4.4.8&#8243;][\/et_pb_divider][et_pb_button button_url=\u00bbhttps:\/\/youtu.be\/R897QTrtXPs\u00bb button_text=\u00bbClic aqu\u00ed para visualizar el encuentro\u00bb button_alignment=\u00bbcenter\u00bb _builder_version=\u00bb4.4.8&#8243; custom_button=\u00bbon\u00bb button_text_color=\u00bb#ffffff\u00bb button_bg_color=\u00bb#0c71c3&#8243; button_border_radius=\u00bb25px\u00bb background_layout=\u00bbdark\u00bb button_text_shadow_style=\u00bbpreset2&#8243;][\/et_pb_button][\/et_pb_column][\/et_pb_row][et_pb_row _builder_version=\u00bb4.4.8&#8243;][et_pb_column type=\u00bb4_4&#8243; _builder_version=\u00bb4.4.8&#8243;][et_pb_divider color=\u00bb#0c71c3&#8243; _builder_version=\u00bb4.4.8&#8243;][\/et_pb_divider][\/et_pb_column][\/et_pb_row][et_pb_row column_structure=\u00bb1_2,1_2&#8243; _builder_version=\u00bb4.4.8&#8243; custom_padding=\u00bb20px|20px|20px|20px|false|false\u00bb box_shadow_style=\u00bbpreset1&#8243;][et_pb_column type=\u00bb1_2&#8243; _builder_version=\u00bb4.4.8&#8243;][et_pb_text _builder_version=\u00bb4.4.8&#8243; background_image=\u00bbhttps:\/\/ifdc.edu.ar\/home\/wp-content\/uploads\/2021\/05\/3a.jpg\u00bb min_height=\u00bb315px\u00bb filter_saturate=\u00bb60%\u00bb][\/et_pb_text][\/et_pb_column][et_pb_column type=\u00bb1_2&#8243; _builder_version=\u00bb4.4.8&#8243;][et_pb_text _builder_version=\u00bb4.4.8&#8243;]<\/p>\n<h3><b>La escuela despu\u00e9s de la cuarentena<\/b><\/h3>\n<p style=\"text-align: right;\"><b><i>Nano Balbo<\/i><\/b><\/p>\n<p style=\"text-align: right;\"><strong><em><\/em><\/strong><\/p>\n<p><span>Moderadoras: Norma P\u00e9rez y Graciela Mart\u00ednez<\/span><\/p>\n<p>[\/et_pb_text][et_pb_divider color=\u00bb#000000&#8243; _builder_version=\u00bb4.4.8&#8243;][\/et_pb_divider][et_pb_button button_url=\u00bbhttps:\/\/youtu.be\/jB2Gce6Nv5w\u00bb button_text=\u00bbClic aqu\u00ed para visualizar el encuentro\u00bb button_alignment=\u00bbcenter\u00bb _builder_version=\u00bb4.4.8&#8243; custom_button=\u00bbon\u00bb button_text_color=\u00bb#ffffff\u00bb button_bg_color=\u00bb#0c71c3&#8243; button_border_radius=\u00bb25px\u00bb background_layout=\u00bbdark\u00bb button_text_shadow_style=\u00bbpreset2&#8243;][\/et_pb_button][\/et_pb_column][\/et_pb_row][et_pb_row _builder_version=\u00bb4.4.8&#8243; custom_padding=\u00bb|2px||||\u00bb][et_pb_column type=\u00bb4_4&#8243; _builder_version=\u00bb4.4.8&#8243;][et_pb_divider color=\u00bb#0c71c3&#8243; _builder_version=\u00bb4.4.8&#8243;][\/et_pb_divider][\/et_pb_column][\/et_pb_row][et_pb_row column_structure=\u00bb1_2,1_2&#8243; _builder_version=\u00bb4.4.8&#8243; custom_padding=\u00bb20px|20px|20px|20px|false|false\u00bb box_shadow_style=\u00bbpreset1&#8243;][et_pb_column type=\u00bb1_2&#8243; _builder_version=\u00bb4.4.8&#8243;][et_pb_text _builder_version=\u00bb4.4.8&#8243; background_image=\u00bbhttps:\/\/ifdc.edu.ar\/home\/wp-content\/uploads\/2021\/05\/4a.jpg\u00bb min_height=\u00bb315px\u00bb filter_saturate=\u00bb60%\u00bb][\/et_pb_text][\/et_pb_column][et_pb_column type=\u00bb1_2&#8243; _builder_version=\u00bb4.4.8&#8243;][et_pb_text _builder_version=\u00bb4.4.8&#8243; hover_enabled=\u00bb0&#8243;]<\/p>\n<h3><b>Narrativas pedag\u00f3gicas en el oficio docente en \u00e9poca de COVID-19<\/b><\/h3>\n<p style=\"text-align: right;\"><b><i>Andrea Alliaud<\/i><\/b><\/p>\n<p style=\"text-align: right;\"><span style=\"font-size: 14px; text-align: left;\"><b><i>Daniel Su\u00e1rez<\/i><\/b><\/span><\/p>\n<p style=\"text-align: left;\"><span style=\"font-size: 14px; text-align: left;\">Moderadoras: Adriana Estupi\u00f1an y Marina Vidal<\/span><\/p>\n<p>[\/et_pb_text][et_pb_divider color=\u00bb#000000&#8243; _builder_version=\u00bb4.4.8&#8243;][\/et_pb_divider][et_pb_button button_url=\u00bbhttps:\/\/youtu.be\/3J8JNwDcOG8?list=PLEGc3ro8_qa-WVdqc7z9oMIQtCWKWsnX2&#8243; button_text=\u00bbClic aqu\u00ed para visualizar el encuentro\u00bb button_alignment=\u00bbcenter\u00bb _builder_version=\u00bb4.4.8&#8243; custom_button=\u00bbon\u00bb button_text_color=\u00bb#ffffff\u00bb button_bg_color=\u00bb#0c71c3&#8243; button_border_radius=\u00bb25px\u00bb background_layout=\u00bbdark\u00bb button_text_shadow_style=\u00bbpreset2&#8243;][\/et_pb_button][\/et_pb_column][\/et_pb_row][et_pb_row _builder_version=\u00bb4.4.8&#8243; custom_padding=\u00bb|2px||||\u00bb][et_pb_column type=\u00bb4_4&#8243; _builder_version=\u00bb4.4.8&#8243;][et_pb_divider color=\u00bb#0c71c3&#8243; _builder_version=\u00bb4.4.8&#8243;][\/et_pb_divider][\/et_pb_column][\/et_pb_row][et_pb_row column_structure=\u00bb1_2,1_2&#8243; _builder_version=\u00bb4.4.8&#8243; custom_padding=\u00bb20px|20px|20px|20px|false|false\u00bb box_shadow_style=\u00bbpreset1&#8243;][et_pb_column type=\u00bb1_2&#8243; _builder_version=\u00bb4.4.8&#8243;][et_pb_text _builder_version=\u00bb4.4.8&#8243; background_image=\u00bbhttps:\/\/ifdc.edu.ar\/home\/wp-content\/uploads\/2021\/05\/5a.jpg\u00bb min_height=\u00bb315px\u00bb filter_saturate=\u00bb60%\u00bb][\/et_pb_text][\/et_pb_column][et_pb_column type=\u00bb1_2&#8243; _builder_version=\u00bb4.4.8&#8243;][et_pb_text _builder_version=\u00bb4.4.8&#8243;]<\/p>\n<h3><b>Pr\u00e1cticas docentes (repensando la ense\u00f1anza en tiempos de COVID-19)<\/b><\/h3>\n<p style=\"text-align: right;\"><b><i>Silvina Gonz\u00e1lez<\/i><\/b><\/p>\n<p style=\"text-align: right;\"><b><i>Teresa Condori<\/i><\/b><\/p>\n<p style=\"text-align: right;\"><b><i>Mar\u00eda Graciela Querejeta<\/i><\/b><\/p>\n<p style=\"text-align: right;\"><b><i><\/i><\/b><\/p>\n<p style=\"text-align: right;\"><strong><em><\/em><\/strong><\/p>\n<p><span>Moderadoras: Daniela Guti\u00e9rrez y Anal\u00eda Palacios<\/span><\/p>\n<p>[\/et_pb_text][et_pb_divider color=\u00bb#000000&#8243; _builder_version=\u00bb4.4.8&#8243;][\/et_pb_divider][et_pb_button button_url=\u00bbhttps:\/\/youtu.be\/39bDgC3JpEU?list=PLEGc3ro8_qa-WVdqc7z9oMIQtCWKWsnX2&#8243; button_text=\u00bbClic aqu\u00ed para visualizar el encuentro\u00bb button_alignment=\u00bbcenter\u00bb _builder_version=\u00bb4.4.8&#8243; custom_button=\u00bbon\u00bb button_text_color=\u00bb#ffffff\u00bb button_bg_color=\u00bb#0c71c3&#8243; button_border_radius=\u00bb25px\u00bb background_layout=\u00bbdark\u00bb button_text_shadow_style=\u00bbpreset2&#8243;][\/et_pb_button][\/et_pb_column][\/et_pb_row][et_pb_row _builder_version=\u00bb4.4.8&#8243; custom_padding=\u00bb|2px||||\u00bb][et_pb_column type=\u00bb4_4&#8243; _builder_version=\u00bb4.4.8&#8243;][et_pb_divider color=\u00bb#0c71c3&#8243; _builder_version=\u00bb4.4.8&#8243;][\/et_pb_divider][\/et_pb_column][\/et_pb_row][et_pb_row column_structure=\u00bb1_2,1_2&#8243; _builder_version=\u00bb4.4.8&#8243; custom_padding=\u00bb20px|20px|20px|20px|false|false\u00bb box_shadow_style=\u00bbpreset1&#8243;][et_pb_column type=\u00bb1_2&#8243; _builder_version=\u00bb4.4.8&#8243;][et_pb_text _builder_version=\u00bb4.4.8&#8243; background_image=\u00bbhttps:\/\/ifdc.edu.ar\/home\/wp-content\/uploads\/2021\/05\/6a.jpg\u00bb min_height=\u00bb315px\u00bb filter_saturate=\u00bb60%\u00bb][\/et_pb_text][\/et_pb_column][et_pb_column type=\u00bb1_2&#8243; _builder_version=\u00bb4.4.8&#8243;][et_pb_text _builder_version=\u00bb4.4.8&#8243;]<\/p>\n<h3><b><strong>Consonancias y disonancias en la ense\u00f1anza con las familias en tiempos de incertidumbre<\/strong><\/b><\/h3>\n<p style=\"text-align: right;\"><b><i>Diana Urcola<\/i><\/b><\/p>\n<p style=\"text-align: right;\"><b><i>Maria Ren\u00e9e Candia<\/i><\/b><\/p>\n<p style=\"text-align: right;\"><strong><em><\/em><\/strong><\/p>\n<p><span>Moderadoras: Ivana Evans y Graciela Mastella<\/span><\/p>\n<p>[\/et_pb_text][et_pb_divider color=\u00bb#000000&#8243; _builder_version=\u00bb4.4.8&#8243;][\/et_pb_divider][et_pb_button button_url=\u00bbhttps:\/\/youtu.be\/v1qnD0eBNLc?list=PLEGc3ro8_qa-WVdqc7z9oMIQtCWKWsnX2&#8243; button_text=\u00bbClic aqu\u00ed para visualizar el encuentro\u00bb button_alignment=\u00bbcenter\u00bb _builder_version=\u00bb4.4.8&#8243; custom_button=\u00bbon\u00bb button_text_color=\u00bb#ffffff\u00bb button_bg_color=\u00bb#0c71c3&#8243; button_border_radius=\u00bb25px\u00bb background_layout=\u00bbdark\u00bb button_text_shadow_style=\u00bbpreset2&#8243;][\/et_pb_button][\/et_pb_column][\/et_pb_row][et_pb_row _builder_version=\u00bb4.4.8&#8243; custom_padding=\u00bb|2px||||\u00bb][et_pb_column type=\u00bb4_4&#8243; _builder_version=\u00bb4.4.8&#8243;][et_pb_divider color=\u00bb#0c71c3&#8243; _builder_version=\u00bb4.4.8&#8243;][\/et_pb_divider][\/et_pb_column][\/et_pb_row][et_pb_row column_structure=\u00bb1_2,1_2&#8243; _builder_version=\u00bb4.4.8&#8243; custom_padding=\u00bb20px|20px|20px|20px|false|false\u00bb box_shadow_style=\u00bbpreset1&#8243;][et_pb_column type=\u00bb1_2&#8243; _builder_version=\u00bb4.4.8&#8243;][et_pb_text _builder_version=\u00bb4.4.8&#8243; background_image=\u00bbhttps:\/\/ifdc.edu.ar\/home\/wp-content\/uploads\/2021\/05\/7a.jpg\u00bb min_height=\u00bb315px\u00bb filter_saturate=\u00bb60%\u00bb][\/et_pb_text][\/et_pb_column][et_pb_column type=\u00bb1_2&#8243; _builder_version=\u00bb4.4.8&#8243;][et_pb_text _builder_version=\u00bb4.4.8&#8243;]<\/p>\n<h3><b><strong>Accesibilidad desde la perspectiva de la situaci\u00f3n de discapacidad en la formaci\u00f3n docente<\/strong><\/b><\/h3>\n<p style=\"text-align: right;\"><b><i>Nicol\u00e1s Alfredo Trotta<\/i><\/b><\/p>\n<p style=\"text-align: right;\"><strong><em><\/em><\/strong><\/p>\n<p><span>Organiza Programa de accesibilidad del IFDC Bariloche, en el marco de la Red Regional de educaci\u00f3n superior, discapacidad y derechos humanos y Red Latinoamericanade educaci\u00f3n superior y discapacidad<\/span><\/p>\n<p>[\/et_pb_text][et_pb_divider color=\u00bb#000000&#8243; _builder_version=\u00bb4.4.8&#8243;][\/et_pb_divider][et_pb_button button_url=\u00bbhttps:\/\/youtu.be\/fHK0iIhC_B8?list=PLEGc3ro8_qa-WVdqc7z9oMIQtCWKWsnX2&#8243; button_text=\u00bbClic aqu\u00ed para visualizar el encuentro\u00bb button_alignment=\u00bbcenter\u00bb _builder_version=\u00bb4.4.8&#8243; custom_button=\u00bbon\u00bb button_text_color=\u00bb#ffffff\u00bb button_bg_color=\u00bb#0c71c3&#8243; button_border_radius=\u00bb25px\u00bb background_layout=\u00bbdark\u00bb button_text_shadow_style=\u00bbpreset2&#8243;][\/et_pb_button][\/et_pb_column][\/et_pb_row][et_pb_row _builder_version=\u00bb4.4.8&#8243; custom_padding=\u00bb|2px||||\u00bb][et_pb_column type=\u00bb4_4&#8243; _builder_version=\u00bb4.4.8&#8243;][et_pb_divider color=\u00bb#0c71c3&#8243; _builder_version=\u00bb4.4.8&#8243;][\/et_pb_divider][\/et_pb_column][\/et_pb_row][et_pb_row column_structure=\u00bb1_2,1_2&#8243; _builder_version=\u00bb4.4.8&#8243; custom_padding=\u00bb20px|20px|20px|20px|false|false\u00bb box_shadow_style=\u00bbpreset1&#8243;][et_pb_column type=\u00bb1_2&#8243; _builder_version=\u00bb4.4.8&#8243;][et_pb_text _builder_version=\u00bb4.4.8&#8243; background_image=\u00bbhttps:\/\/ifdc.edu.ar\/home\/wp-content\/uploads\/2021\/05\/8a.jpg\u00bb min_height=\u00bb315px\u00bb filter_saturate=\u00bb60%\u00bb][\/et_pb_text][\/et_pb_column][et_pb_column type=\u00bb1_2&#8243; _builder_version=\u00bb4.4.8&#8243;][et_pb_text _builder_version=\u00bb4.4.8&#8243;]<\/p>\n<h3><strong>Filosof\u00eda: su ense\u00f1anza y desaf\u00edos<\/strong>\u00a0<\/h3>\n<p style=\"text-align: right;\"><em><strong>Javier Freixas<\/strong><\/em><\/p>\n<p style=\"text-align: right;\"><em><strong>Andres Paillalef<\/strong><\/em><\/p>\n<p style=\"text-align: right;\"><em><strong>Susana Romaniuk<\/strong><\/em><\/p>\n<p><span>Moderadoras: Rosario Schulte y Mariana Delgado<\/span><\/p>\n<p>[\/et_pb_text][et_pb_divider color=\u00bb#000000&#8243; _builder_version=\u00bb4.4.8&#8243;][\/et_pb_divider][et_pb_button button_url=\u00bbhttps:\/\/youtu.be\/JXQ8XDRccvo?list=PLEGc3ro8_qa-WVdqc7z9oMIQtCWKWsnX2&#8243; button_text=\u00bbClic aqu\u00ed para visualizar el encuentro\u00bb button_alignment=\u00bbcenter\u00bb _builder_version=\u00bb4.4.8&#8243; custom_button=\u00bbon\u00bb button_text_color=\u00bb#ffffff\u00bb button_bg_color=\u00bb#0c71c3&#8243; button_border_radius=\u00bb25px\u00bb background_layout=\u00bbdark\u00bb button_text_shadow_style=\u00bbpreset2&#8243;][\/et_pb_button][\/et_pb_column][\/et_pb_row][et_pb_row _builder_version=\u00bb4.4.8&#8243; custom_padding=\u00bb|2px||||\u00bb locked=\u00bboff\u00bb][et_pb_column type=\u00bb4_4&#8243; _builder_version=\u00bb4.4.8&#8243;][et_pb_divider color=\u00bb#0c71c3&#8243; _builder_version=\u00bb4.4.8&#8243;][\/et_pb_divider][\/et_pb_column][\/et_pb_row][et_pb_row column_structure=\u00bb1_2,1_2&#8243; _builder_version=\u00bb4.4.8&#8243; custom_padding=\u00bb20px|20px|20px|20px|false|false\u00bb box_shadow_style=\u00bbpreset1&#8243;][et_pb_column type=\u00bb1_2&#8243; _builder_version=\u00bb4.4.8&#8243;][et_pb_text _builder_version=\u00bb4.4.8&#8243; background_image=\u00bbhttps:\/\/ifdc.edu.ar\/home\/wp-content\/uploads\/2021\/05\/9a.jpg\u00bb min_height=\u00bb315px\u00bb filter_saturate=\u00bb60%\u00bb][\/et_pb_text][\/et_pb_column][et_pb_column type=\u00bb1_2&#8243; _builder_version=\u00bb4.4.8&#8243;][et_pb_text _builder_version=\u00bb4.4.8&#8243;]<\/p>\n<h3><strong>Experiencias en accesibilidad en bibliotecas<\/strong><\/h3>\n<p style=\"text-align: right;\"><em><strong>Programa de Accesibilidad<\/strong><\/em><\/p>\n<p style=\"text-align: right;\"><em><strong>Estudiantes del IFDC<\/strong><\/em><\/p>\n<p style=\"text-align: right;\"><em><strong>Asociaci\u00f3n Civil Tiflonexos.<\/strong><\/em><\/p>\n<p>&nbsp;<\/p>\n<p>[\/et_pb_text][et_pb_divider color=\u00bb#000000&#8243; _builder_version=\u00bb4.4.8&#8243;][\/et_pb_divider][et_pb_button button_url=\u00bbhttps:\/\/youtu.be\/Lt-RCr066J8&#8243; button_text=\u00bbClic aqu\u00ed para visualizar el encuentro\u00bb button_alignment=\u00bbcenter\u00bb _builder_version=\u00bb4.4.8&#8243; custom_button=\u00bbon\u00bb button_text_color=\u00bb#ffffff\u00bb button_bg_color=\u00bb#0c71c3&#8243; button_border_radius=\u00bb25px\u00bb background_layout=\u00bbdark\u00bb button_text_shadow_style=\u00bbpreset2&#8243;][\/et_pb_button][\/et_pb_column][\/et_pb_row][et_pb_row _builder_version=\u00bb4.4.8&#8243; custom_padding=\u00bb|2px||||\u00bb locked=\u00bboff\u00bb][et_pb_column type=\u00bb4_4&#8243; _builder_version=\u00bb4.4.8&#8243;][et_pb_divider color=\u00bb#0c71c3&#8243; _builder_version=\u00bb4.4.8&#8243;][\/et_pb_divider][\/et_pb_column][\/et_pb_row][et_pb_row column_structure=\u00bb1_2,1_2&#8243; _builder_version=\u00bb4.4.8&#8243; custom_padding=\u00bb20px|20px|20px|20px|false|false\u00bb box_shadow_style=\u00bbpreset1&#8243;][et_pb_column type=\u00bb1_2&#8243; _builder_version=\u00bb4.4.8&#8243;][et_pb_text _builder_version=\u00bb4.4.8&#8243; background_image=\u00bbhttps:\/\/ifdc.edu.ar\/home\/wp-content\/uploads\/2021\/05\/10a.jpg\u00bb min_height=\u00bb315px\u00bb filter_saturate=\u00bb60%\u00bb][\/et_pb_text][\/et_pb_column][et_pb_column type=\u00bb1_2&#8243; _builder_version=\u00bb4.4.8&#8243;][et_pb_text _builder_version=\u00bb4.4.8&#8243;]<\/p>\n<h3><strong>Aprendizaje en grupo y Entornos Personales de Aprendizaje<\/strong><\/h3>\n<p style=\"text-align: right;\"><em><strong>Mariana Maggio<\/strong><\/em><\/p>\n<p style=\"text-align: right;\"><em><strong>Graciela Bertancud<\/strong><\/em><\/p>\n<p style=\"text-align: right;\"><em><strong>Jos\u00e9 Gim\u00e9nez<\/strong><\/em><\/p>\n<p><span>Moderadoras: Agustina Bussi y Claudia Kraft\u00a0<\/span><\/p>\n<p>[\/et_pb_text][et_pb_divider color=\u00bb#000000&#8243; _builder_version=\u00bb4.4.8&#8243;][\/et_pb_divider][et_pb_button button_url=\u00bbhttps:\/\/youtu.be\/NbWprpGIcdg\u00bb button_text=\u00bbClic aqu\u00ed para visualizar el encuentro\u00bb button_alignment=\u00bbcenter\u00bb _builder_version=\u00bb4.4.8&#8243; custom_button=\u00bbon\u00bb button_text_color=\u00bb#ffffff\u00bb button_bg_color=\u00bb#0c71c3&#8243; button_border_radius=\u00bb25px\u00bb background_layout=\u00bbdark\u00bb button_text_shadow_style=\u00bbpreset2&#8243;][\/et_pb_button][\/et_pb_column][\/et_pb_row][et_pb_row _builder_version=\u00bb4.4.8&#8243; custom_padding=\u00bb|2px||||\u00bb locked=\u00bboff\u00bb][et_pb_column type=\u00bb4_4&#8243; _builder_version=\u00bb4.4.8&#8243;][et_pb_divider color=\u00bb#0c71c3&#8243; _builder_version=\u00bb4.4.8&#8243;][\/et_pb_divider][\/et_pb_column][\/et_pb_row][et_pb_row column_structure=\u00bb1_2,1_2&#8243; _builder_version=\u00bb4.4.8&#8243; custom_padding=\u00bb20px|20px|20px|20px|false|false\u00bb box_shadow_style=\u00bbpreset1&#8243;][et_pb_column type=\u00bb1_2&#8243; _builder_version=\u00bb4.4.8&#8243;][et_pb_text _builder_version=\u00bb4.4.8&#8243; background_image=\u00bbhttps:\/\/ifdc.edu.ar\/home\/wp-content\/uploads\/2021\/05\/11a.jpg\u00bb min_height=\u00bb315px\u00bb filter_saturate=\u00bb60%\u00bb][\/et_pb_text][\/et_pb_column][et_pb_column type=\u00bb1_2&#8243; _builder_version=\u00bb4.4.8&#8243;][et_pb_text _builder_version=\u00bb4.4.8&#8243;]<\/p>\n<h3><b>Educaci\u00f3n y Esperanza. Reflexiones desde miradas diversas<\/b><\/h3>\n<p style=\"text-align: right;\"><em><b>Paula Ripamonti<\/b><\/em><\/p>\n<p style=\"text-align: right;\"><em><b>M\u00f3nica Coronado<\/b><\/em><\/p>\n<p><span>Moderadoras: Fernanda Cormace y Geraldine Peterlini<\/span><\/p>\n<p>[\/et_pb_text][et_pb_divider color=\u00bb#000000&#8243; _builder_version=\u00bb4.4.8&#8243;][\/et_pb_divider][et_pb_button button_url=\u00bbhttps:\/\/youtu.be\/leEw7QlLPNo\u00bb button_text=\u00bbClic aqu\u00ed para visualizar el encuentro\u00bb button_alignment=\u00bbcenter\u00bb _builder_version=\u00bb4.4.8&#8243; custom_button=\u00bbon\u00bb button_text_color=\u00bb#ffffff\u00bb button_bg_color=\u00bb#0c71c3&#8243; button_border_radius=\u00bb25px\u00bb background_layout=\u00bbdark\u00bb button_text_shadow_style=\u00bbpreset2&#8243;][\/et_pb_button][\/et_pb_column][\/et_pb_row][et_pb_row _builder_version=\u00bb4.4.8&#8243; custom_padding=\u00bb|2px||||\u00bb locked=\u00bboff\u00bb][et_pb_column type=\u00bb4_4&#8243; _builder_version=\u00bb4.4.8&#8243;][et_pb_divider color=\u00bb#0c71c3&#8243; _builder_version=\u00bb4.4.8&#8243;][\/et_pb_divider][\/et_pb_column][\/et_pb_row][et_pb_row column_structure=\u00bb1_2,1_2&#8243; _builder_version=\u00bb4.4.8&#8243; custom_padding=\u00bb20px|20px|20px|20px|false|false\u00bb box_shadow_style=\u00bbpreset1&#8243;][et_pb_column type=\u00bb1_2&#8243; _builder_version=\u00bb4.4.8&#8243;][et_pb_text _builder_version=\u00bb4.4.8&#8243; background_image=\u00bbhttps:\/\/ifdc.edu.ar\/home\/wp-content\/uploads\/2021\/05\/12a.jpg\u00bb min_height=\u00bb315px\u00bb filter_saturate=\u00bb60%\u00bb][\/et_pb_text][\/et_pb_column][et_pb_column type=\u00bb1_2&#8243; _builder_version=\u00bb4.4.8&#8243;][et_pb_text _builder_version=\u00bb4.4.8&#8243;]<\/p>\n<p><strong>Miradas sobre la educaci\u00f3n post-virus: retos y peligros<\/strong><\/p>\n<p style=\"text-align: right;\"><strong><em>Alejandra Birgin<\/em><\/strong><\/p>\n<p style=\"text-align: right;\"><strong><em>Pablo Gentili<\/em><\/strong><\/p>\n<p><span>Moderadores: Alejandro Otsubo y Ver\u00f3nica Pati\u00f1o<\/span><\/p>\n<p>[\/et_pb_text][et_pb_divider color=\u00bb#000000&#8243; _builder_version=\u00bb4.4.8&#8243;][\/et_pb_divider][et_pb_button button_url=\u00bbhttps:\/\/youtu.be\/QWQWVxgX-ik\u00bb button_text=\u00bbClic aqu\u00ed para visualizar el encuentro\u00bb button_alignment=\u00bbcenter\u00bb _builder_version=\u00bb4.4.8&#8243; custom_button=\u00bbon\u00bb button_text_color=\u00bb#ffffff\u00bb button_bg_color=\u00bb#0c71c3&#8243; button_border_radius=\u00bb25px\u00bb background_layout=\u00bbdark\u00bb button_text_shadow_style=\u00bbpreset2&#8243;][\/et_pb_button][\/et_pb_column][\/et_pb_row][et_pb_row _builder_version=\u00bb4.4.8&#8243; custom_padding=\u00bb|2px||||\u00bb locked=\u00bboff\u00bb][et_pb_column type=\u00bb4_4&#8243; _builder_version=\u00bb4.4.8&#8243;][et_pb_divider color=\u00bb#0c71c3&#8243; _builder_version=\u00bb4.4.8&#8243;][\/et_pb_divider][\/et_pb_column][\/et_pb_row][et_pb_row column_structure=\u00bb1_2,1_2&#8243; _builder_version=\u00bb4.4.8&#8243; custom_padding=\u00bb20px|20px|20px|20px|false|false\u00bb box_shadow_style=\u00bbpreset1&#8243;][et_pb_column type=\u00bb1_2&#8243; _builder_version=\u00bb4.4.8&#8243;][et_pb_text _builder_version=\u00bb4.4.8&#8243; background_image=\u00bbhttps:\/\/ifdc.edu.ar\/home\/wp-content\/uploads\/2021\/05\/13a.jpg\u00bb min_height=\u00bb315px\u00bb filter_saturate=\u00bb60%\u00bb][\/et_pb_text][\/et_pb_column][et_pb_column type=\u00bb1_2&#8243; _builder_version=\u00bb4.4.8&#8243;][et_pb_text _builder_version=\u00bb4.4.8&#8243;]<\/p>\n<h3><strong>Discapacidad, autonom\u00eda y cuidado<\/strong><\/h3>\n<p style=\"text-align: right;\"><span style=\"font-size: 14px; text-align: left;\"><b><i>Programa de Extensi\u00f3n \u00abLa Producci\u00f3n Social de la Discapacidad\u00bb <\/i><\/b><\/span><\/p>\n<p style=\"text-align: right;\"><span style=\"font-size: 14px; text-align: left;\"><b><i>FTS UNER <\/i><\/b><\/span><\/p>\n<p style=\"text-align: right;\"><span style=\"font-size: 14px; text-align: left;\"><b><i>Mar\u00eda Eugenia Almeida y Esteban Kipen<\/i><\/b><\/span><\/p>\n<p style=\"text-align: right;\"><span style=\"font-size: 14px; text-align: left;\">Moderadores: Mariana Caram y Carmen Marpegan<\/span><\/p>\n<p>[\/et_pb_text][et_pb_divider color=\u00bb#000000&#8243; _builder_version=\u00bb4.4.8&#8243;][\/et_pb_divider][et_pb_button button_url=\u00bbhttps:\/\/youtu.be\/JXQ8XDRccvo?list=PLEGc3ro8_qa-WVdqc7z9oMIQtCWKWsnX2&#8243; button_text=\u00bbClic aqu\u00ed para visualizar el encuentro\u00bb button_alignment=\u00bbcenter\u00bb _builder_version=\u00bb4.4.8&#8243; custom_button=\u00bbon\u00bb button_text_color=\u00bb#ffffff\u00bb button_bg_color=\u00bb#0c71c3&#8243; button_border_radius=\u00bb25px\u00bb background_layout=\u00bbdark\u00bb button_text_shadow_style=\u00bbpreset2&#8243;][\/et_pb_button][\/et_pb_column][\/et_pb_row][et_pb_row _builder_version=\u00bb4.4.8&#8243; custom_padding=\u00bb|2px||||\u00bb locked=\u00bboff\u00bb][et_pb_column type=\u00bb4_4&#8243; _builder_version=\u00bb4.4.8&#8243;][et_pb_divider color=\u00bb#0c71c3&#8243; _builder_version=\u00bb4.4.8&#8243;][\/et_pb_divider][\/et_pb_column][\/et_pb_row][et_pb_row column_structure=\u00bb1_2,1_2&#8243; _builder_version=\u00bb4.4.8&#8243; custom_padding=\u00bb20px|20px|20px|20px|false|false\u00bb box_shadow_style=\u00bbpreset1&#8243;][et_pb_column type=\u00bb1_2&#8243; _builder_version=\u00bb4.4.8&#8243;][et_pb_text _builder_version=\u00bb4.4.8&#8243; background_image=\u00bbhttps:\/\/ifdc.edu.ar\/home\/wp-content\/uploads\/2021\/05\/15a.jpg\u00bb min_height=\u00bb315px\u00bb filter_saturate=\u00bb60%\u00bb][\/et_pb_text][\/et_pb_column][et_pb_column type=\u00bb1_2&#8243; _builder_version=\u00bb4.4.8&#8243;][et_pb_text _builder_version=\u00bb4.4.8&#8243; hover_enabled=\u00bb0&#8243;]<\/p>\n<h3><strong>Arte, Educaci\u00f3n y G\u00e9nero<\/strong><\/h3>\n<p style=\"text-align: right;\"><b><i>Graciela Morgade<\/i><\/b><\/p>\n<p style=\"text-align: right;\"><b><i>Sandra Torlucci<\/i><\/b><\/p>\n<p style=\"text-align: right;\"><b><i>Patricia Talani<\/i><\/b><\/p>\n<p><span>Moderadoras: Ileana Di Vruno, Ver\u00f3nica Fern\u00e1ndez, Carla Peruzzo y Mercedes G\u00f3mez<\/span><\/p>\n<p>[\/et_pb_text][et_pb_divider color=\u00bb#000000&#8243; _builder_version=\u00bb4.4.8&#8243;][\/et_pb_divider][et_pb_button button_url=\u00bbhttps:\/\/youtu.be\/FZeWeUeyf6s\u00bb button_text=\u00bbClic aqu\u00ed para visualizar el encuentro\u00bb button_alignment=\u00bbcenter\u00bb _builder_version=\u00bb4.4.8&#8243; custom_button=\u00bbon\u00bb button_text_color=\u00bb#ffffff\u00bb button_bg_color=\u00bb#0c71c3&#8243; button_border_radius=\u00bb25px\u00bb background_layout=\u00bbdark\u00bb button_text_shadow_style=\u00bbpreset2&#8243;][\/et_pb_button][\/et_pb_column][\/et_pb_row][et_pb_row _builder_version=\u00bb4.4.8&#8243; custom_padding=\u00bb|2px||||\u00bb locked=\u00bboff\u00bb][et_pb_column type=\u00bb4_4&#8243; _builder_version=\u00bb4.4.8&#8243;][et_pb_divider color=\u00bb#0c71c3&#8243; _builder_version=\u00bb4.4.8&#8243;][\/et_pb_divider][\/et_pb_column][\/et_pb_row][et_pb_row column_structure=\u00bb1_2,1_2&#8243; _builder_version=\u00bb4.4.8&#8243; custom_padding=\u00bb20px|20px|20px|20px|false|false\u00bb box_shadow_style=\u00bbpreset1&#8243;][et_pb_column type=\u00bb1_2&#8243; _builder_version=\u00bb4.4.8&#8243;][et_pb_text _builder_version=\u00bb4.4.8&#8243; background_image=\u00bbhttps:\/\/ifdc.edu.ar\/home\/wp-content\/uploads\/2021\/05\/14a.jpg\u00bb min_height=\u00bb315px\u00bb filter_saturate=\u00bb60%\u00bb][\/et_pb_text][\/et_pb_column][et_pb_column type=\u00bb1_2&#8243; _builder_version=\u00bb4.4.8&#8243;][et_pb_text _builder_version=\u00bb4.4.8&#8243;]<\/p>\n<h3><strong>El eclipse solar y la c\u00e1mara oscura<br \/>La observaci\u00f3n de los fen\u00f3menos astron\u00f3micos en la formaci\u00f3n docente<\/strong><\/h3>\n<p style=\"text-align: right;\"><em><strong>Lorena Baez<\/strong><\/em><\/p>\n<p style=\"text-align: right;\"><em><strong>(Asociaci\u00f3n de Aficionados a la Astronom\u00eda Bariloche)<\/strong><\/em><\/p>\n<p style=\"text-align: right;\"><em><strong>Jose Gim\u00e9nez<\/strong><\/em><\/p>\n<p style=\"text-align: right;\"><em><strong>(Club de Naturalistas \u2013 IFDC Bariloche)<\/strong><\/em><\/p>\n<p><span>Moderadores: Diego Chertoff \u2013 Marcelo Alvarez (\u00c1rea de Cs. Naturales IFDC Bariloche)<\/span><\/p>\n<p>[\/et_pb_text][et_pb_divider color=\u00bb#000000&#8243; _builder_version=\u00bb4.4.8&#8243;][\/et_pb_divider][et_pb_button button_url=\u00bbhttps:\/\/youtu.be\/HGnUW5U-X-Y\u00bb button_text=\u00bbClic aqu\u00ed para visualizar el encuentro\u00bb button_alignment=\u00bbcenter\u00bb _builder_version=\u00bb4.4.8&#8243; custom_button=\u00bbon\u00bb button_text_color=\u00bb#ffffff\u00bb button_bg_color=\u00bb#0c71c3&#8243; button_border_radius=\u00bb25px\u00bb background_layout=\u00bbdark\u00bb button_text_shadow_style=\u00bbpreset2&#8243;][\/et_pb_button][\/et_pb_column][\/et_pb_row][et_pb_row _builder_version=\u00bb4.4.8&#8243; custom_padding=\u00bb|2px||||\u00bb locked=\u00bboff\u00bb][et_pb_column type=\u00bb4_4&#8243; _builder_version=\u00bb4.4.8&#8243;][et_pb_divider color=\u00bb#0c71c3&#8243; _builder_version=\u00bb4.4.8&#8243;][\/et_pb_divider][\/et_pb_column][\/et_pb_row][\/et_pb_section]<\/p>\n","protected":false},"excerpt":{"rendered":"<p>[et_pb_section fb_built=\u00bb1&#8243; _builder_version=\u00bb4.4.8&#8243;][et_pb_row _builder_version=\u00bb4.4.8&#8243;][et_pb_column type=\u00bb4_4&#8243; _builder_version=\u00bb4.4.8&#8243;][et_pb_text _builder_version=\u00bb4.4.8&#8243;] CICLO DE CONVERSACIONES, MATES E IDEAS VIRTUALES 2020 [\/et_pb_text][\/et_pb_column][\/et_pb_row][et_pb_row _builder_version=\u00bb4.4.8&#8243;][et_pb_column type=\u00bb4_4&#8243; _builder_version=\u00bb4.4.8&#8243;][et_pb_video src=\u00bbhttps:\/\/youtu.be\/9hH1fVygNK8&#8243; _builder_version=\u00bb4.4.8&#8243;][\/et_pb_video][\/et_pb_column][\/et_pb_row][et_pb_row _builder_version=\u00bb4.4.8&#8243;][et_pb_column type=\u00bb4_4&#8243; _builder_version=\u00bb4.4.8&#8243;][et_pb_divider color=\u00bb#0c71c3&#8243; _builder_version=\u00bb4.4.8&#8243;][\/et_pb_divider][\/et_pb_column][\/et_pb_row][et_pb_row column_structure=\u00bb1_2,1_2&#8243; _builder_version=\u00bb4.4.8&#8243; custom_padding=\u00bb20px|20px|20px|20px|false|false\u00bb box_shadow_style=\u00bbpreset1&#8243;][et_pb_column [&hellip;]<\/p>\n","protected":false},"author":3,"featured_media":0,"parent":0,"menu_order":0,"comment_status":"closed","ping_status":"closed","template":"","meta":{"_et_pb_use_builder":"on","_et_pb_old_content":"","_et_gb_content_width":"","footnotes":""},"class_list":["post-3696","page","type-page","status-publish","hentry"],"yoast_head":"<!-- This site is optimized with the Yoast SEO plugin v26.9 - https:\/\/yoast.com\/product\/yoast-seo-wordpress\/ -->\n<title>Conversaciones, mates e ideas virtuales 2020 - IFDC Bariloche<\/title>\n<meta name=\"robots\" content=\"index, follow, max-snippet:-1, max-image-preview:large, max-video-preview:-1\" \/>\n<link rel=\"canonical\" href=\"https:\/\/ifdc.edu.ar\/home\/3696-2\/\" \/>\n<meta property=\"og:locale\" content=\"es_ES\" \/>\n<meta property=\"og:type\" content=\"article\" \/>\n<meta property=\"og:title\" content=\"Conversaciones, mates e ideas virtuales 2020 - IFDC Bariloche\" \/>\n<meta property=\"og:description\" content=\"[et_pb_section fb_built=\u00bb1&#8243; _builder_version=\u00bb4.4.8&#8243;][et_pb_row _builder_version=\u00bb4.4.8&#8243;][et_pb_column type=\u00bb4_4&#8243; _builder_version=\u00bb4.4.8&#8243;][et_pb_text _builder_version=\u00bb4.4.8&#8243;] CICLO DE CONVERSACIONES, MATES E IDEAS VIRTUALES 2020 [\/et_pb_text][\/et_pb_column][\/et_pb_row][et_pb_row _builder_version=\u00bb4.4.8&#8243;][et_pb_column type=\u00bb4_4&#8243; _builder_version=\u00bb4.4.8&#8243;][et_pb_video src=\u00bbhttps:\/\/youtu.be\/9hH1fVygNK8&#8243; _builder_version=\u00bb4.4.8&#8243;][\/et_pb_video][\/et_pb_column][\/et_pb_row][et_pb_row _builder_version=\u00bb4.4.8&#8243;][et_pb_column type=\u00bb4_4&#8243; _builder_version=\u00bb4.4.8&#8243;][et_pb_divider color=\u00bb#0c71c3&#8243; _builder_version=\u00bb4.4.8&#8243;][\/et_pb_divider][\/et_pb_column][\/et_pb_row][et_pb_row column_structure=\u00bb1_2,1_2&#8243; _builder_version=\u00bb4.4.8&#8243; custom_padding=\u00bb20px|20px|20px|20px|false|false\u00bb box_shadow_style=\u00bbpreset1&#8243;][et_pb_column [&hellip;]\" \/>\n<meta property=\"og:url\" content=\"https:\/\/ifdc.edu.ar\/home\/3696-2\/\" \/>\n<meta property=\"og:site_name\" content=\"IFDC Bariloche\" \/>\n<meta property=\"article:modified_time\" content=\"2021-05-17T15:29:53+00:00\" \/>\n<meta name=\"twitter:card\" content=\"summary_large_image\" \/>\n<meta name=\"twitter:label1\" content=\"Tiempo de lectura\" \/>\n\t<meta name=\"twitter:data1\" content=\"15 minutos\" \/>\n<script type=\"application\/ld+json\" class=\"yoast-schema-graph\">{\"@context\":\"https:\/\/schema.org\",\"@graph\":[{\"@type\":\"WebPage\",\"@id\":\"https:\/\/ifdc.edu.ar\/home\/3696-2\/\",\"url\":\"https:\/\/ifdc.edu.ar\/home\/3696-2\/\",\"name\":\"Conversaciones, mates e ideas virtuales 2020 - IFDC Bariloche\",\"isPartOf\":{\"@id\":\"https:\/\/ifdc.edu.ar\/home\/#website\"},\"datePublished\":\"2021-02-17T16:02:19+00:00\",\"dateModified\":\"2021-05-17T15:29:53+00:00\",\"breadcrumb\":{\"@id\":\"https:\/\/ifdc.edu.ar\/home\/3696-2\/#breadcrumb\"},\"inLanguage\":\"es\",\"potentialAction\":[{\"@type\":\"ReadAction\",\"target\":[\"https:\/\/ifdc.edu.ar\/home\/3696-2\/\"]}]},{\"@type\":\"BreadcrumbList\",\"@id\":\"https:\/\/ifdc.edu.ar\/home\/3696-2\/#breadcrumb\",\"itemListElement\":[{\"@type\":\"ListItem\",\"position\":1,\"name\":\"Portada\",\"item\":\"https:\/\/ifdc.edu.ar\/home\/\"},{\"@type\":\"ListItem\",\"position\":2,\"name\":\"Conversaciones, mates e ideas virtuales 2020\"}]},{\"@type\":\"WebSite\",\"@id\":\"https:\/\/ifdc.edu.ar\/home\/#website\",\"url\":\"https:\/\/ifdc.edu.ar\/home\/\",\"name\":\"IFDC Bariloche\",\"description\":\"IFDC Bariloche\",\"potentialAction\":[{\"@type\":\"SearchAction\",\"target\":{\"@type\":\"EntryPoint\",\"urlTemplate\":\"https:\/\/ifdc.edu.ar\/home\/?s={search_term_string}\"},\"query-input\":{\"@type\":\"PropertyValueSpecification\",\"valueRequired\":true,\"valueName\":\"search_term_string\"}}],\"inLanguage\":\"es\"}]}<\/script>\n<!-- \/ Yoast SEO plugin. -->","yoast_head_json":{"title":"Conversaciones, mates e ideas virtuales 2020 - IFDC Bariloche","robots":{"index":"index","follow":"follow","max-snippet":"max-snippet:-1","max-image-preview":"max-image-preview:large","max-video-preview":"max-video-preview:-1"},"canonical":"https:\/\/ifdc.edu.ar\/home\/3696-2\/","og_locale":"es_ES","og_type":"article","og_title":"Conversaciones, mates e ideas virtuales 2020 - IFDC Bariloche","og_description":"[et_pb_section fb_built=\u00bb1&#8243; _builder_version=\u00bb4.4.8&#8243;][et_pb_row _builder_version=\u00bb4.4.8&#8243;][et_pb_column type=\u00bb4_4&#8243; _builder_version=\u00bb4.4.8&#8243;][et_pb_text _builder_version=\u00bb4.4.8&#8243;] CICLO DE CONVERSACIONES, MATES E IDEAS VIRTUALES 2020 [\/et_pb_text][\/et_pb_column][\/et_pb_row][et_pb_row _builder_version=\u00bb4.4.8&#8243;][et_pb_column type=\u00bb4_4&#8243; _builder_version=\u00bb4.4.8&#8243;][et_pb_video src=\u00bbhttps:\/\/youtu.be\/9hH1fVygNK8&#8243; _builder_version=\u00bb4.4.8&#8243;][\/et_pb_video][\/et_pb_column][\/et_pb_row][et_pb_row _builder_version=\u00bb4.4.8&#8243;][et_pb_column type=\u00bb4_4&#8243; _builder_version=\u00bb4.4.8&#8243;][et_pb_divider color=\u00bb#0c71c3&#8243; _builder_version=\u00bb4.4.8&#8243;][\/et_pb_divider][\/et_pb_column][\/et_pb_row][et_pb_row column_structure=\u00bb1_2,1_2&#8243; _builder_version=\u00bb4.4.8&#8243; custom_padding=\u00bb20px|20px|20px|20px|false|false\u00bb box_shadow_style=\u00bbpreset1&#8243;][et_pb_column [&hellip;]","og_url":"https:\/\/ifdc.edu.ar\/home\/3696-2\/","og_site_name":"IFDC Bariloche","article_modified_time":"2021-05-17T15:29:53+00:00","twitter_card":"summary_large_image","twitter_misc":{"Tiempo de lectura":"15 minutos"},"schema":{"@context":"https:\/\/schema.org","@graph":[{"@type":"WebPage","@id":"https:\/\/ifdc.edu.ar\/home\/3696-2\/","url":"https:\/\/ifdc.edu.ar\/home\/3696-2\/","name":"Conversaciones, mates e ideas virtuales 2020 - IFDC Bariloche","isPartOf":{"@id":"https:\/\/ifdc.edu.ar\/home\/#website"},"datePublished":"2021-02-17T16:02:19+00:00","dateModified":"2021-05-17T15:29:53+00:00","breadcrumb":{"@id":"https:\/\/ifdc.edu.ar\/home\/3696-2\/#breadcrumb"},"inLanguage":"es","potentialAction":[{"@type":"ReadAction","target":["https:\/\/ifdc.edu.ar\/home\/3696-2\/"]}]},{"@type":"BreadcrumbList","@id":"https:\/\/ifdc.edu.ar\/home\/3696-2\/#breadcrumb","itemListElement":[{"@type":"ListItem","position":1,"name":"Portada","item":"https:\/\/ifdc.edu.ar\/home\/"},{"@type":"ListItem","position":2,"name":"Conversaciones, mates e ideas virtuales 2020"}]},{"@type":"WebSite","@id":"https:\/\/ifdc.edu.ar\/home\/#website","url":"https:\/\/ifdc.edu.ar\/home\/","name":"IFDC Bariloche","description":"IFDC Bariloche","potentialAction":[{"@type":"SearchAction","target":{"@type":"EntryPoint","urlTemplate":"https:\/\/ifdc.edu.ar\/home\/?s={search_term_string}"},"query-input":{"@type":"PropertyValueSpecification","valueRequired":true,"valueName":"search_term_string"}}],"inLanguage":"es"}]}},"_links":{"self":[{"href":"https:\/\/ifdc.edu.ar\/home\/wp-json\/wp\/v2\/pages\/3696","targetHints":{"allow":["GET"]}}],"collection":[{"href":"https:\/\/ifdc.edu.ar\/home\/wp-json\/wp\/v2\/pages"}],"about":[{"href":"https:\/\/ifdc.edu.ar\/home\/wp-json\/wp\/v2\/types\/page"}],"author":[{"embeddable":true,"href":"https:\/\/ifdc.edu.ar\/home\/wp-json\/wp\/v2\/users\/3"}],"replies":[{"embeddable":true,"href":"https:\/\/ifdc.edu.ar\/home\/wp-json\/wp\/v2\/comments?post=3696"}],"version-history":[{"count":38,"href":"https:\/\/ifdc.edu.ar\/home\/wp-json\/wp\/v2\/pages\/3696\/revisions"}],"predecessor-version":[{"id":5438,"href":"https:\/\/ifdc.edu.ar\/home\/wp-json\/wp\/v2\/pages\/3696\/revisions\/5438"}],"wp:attachment":[{"href":"https:\/\/ifdc.edu.ar\/home\/wp-json\/wp\/v2\/media?parent=3696"}],"curies":[{"name":"wp","href":"https:\/\/api.w.org\/{rel}","templated":true}]}}