{"id":7380,"date":"2022-11-29T20:57:23","date_gmt":"2022-11-29T20:57:23","guid":{"rendered":"https:\/\/ifdc.edu.ar\/home\/?page_id=7380"},"modified":"2022-11-29T21:01:23","modified_gmt":"2022-11-29T21:01:23","slug":"4a-area-ciencias-sociales-orientacion-geografia-dedicacion-semiexclusiva-profesorado-de-educacion-primaria","status":"publish","type":"page","link":"https:\/\/ifdc.edu.ar\/home\/4a-area-ciencias-sociales-orientacion-geografia-dedicacion-semiexclusiva-profesorado-de-educacion-primaria\/","title":{"rendered":"4A \u00c1REA CIENCIAS SOCIALES ORIENTACI\u00d3N GEOGRAF\u00cdA DEDICACI\u00d3N SEMIEXCLUSIVA. PROFESORADO DE EDUCACI\u00d3N PRIMARIA"},"content":{"rendered":"[et_pb_section fb_built=\u00bb1&#8243; admin_label=\u00bbsection\u00bb _builder_version=\u00bb3.22&#8243;][et_pb_row _builder_version=\u00bb4.4.8&#8243;][et_pb_column type=\u00bb4_4&#8243; _builder_version=\u00bb4.4.8&#8243;][et_pb_text _builder_version=\u00bb4.4.8&#8243; custom_margin=\u00bb||||true|true\u00bb custom_padding=\u00bb25px|25px|25px|25px|true|true\u00bb box_shadow_style=\u00bbpreset2&#8243;]<h3><strong>DOCUMENTOS PARA DESCARGAR<\/strong><\/h3>\n<p><a href=\"https:\/\/docs.google.com\/document\/d\/1on-dqbekDqy6YME2WVK_tXeJTYB-Uuyd\/edit?usp=sharing&amp;ouid=103497444204897646249&amp;rtpof=true&amp;sd=true\"><strong>Planilla de inscripci\u00f3n<\/strong><\/a><\/p>\n<p><a href=\"https:\/\/drive.google.com\/file\/d\/1JLQ2NWtyVUgFQrxiyaePZejktS05WtkW\/view?usp=sharing\"><strong>Declaraci\u00f3n jurada de informaci\u00f3n preocupacional<\/strong><\/a><\/p>\n<p><strong><\/strong><\/p>[\/et_pb_text][et_pb_text _builder_version=\u00bb4.4.8&#8243; custom_padding=\u00bb25px|25px|25px|25px|true|true\u00bb box_shadow_style=\u00bbpreset1&#8243; locked=\u00bboff\u00bb]<h2><span color=\"#1e73be\" style=\"color: #1e73be;\"><b>IMPORTANTE<\/b><\/span><\/h2>\n<p><span style=\"font-weight: 400;\">Todas las titulaciones, formaciones, capacitaciones y cursos enunciados en el Curriculum Vitae deber\u00e1n estar <\/span><b>respaldados por la documentaci\u00f3n correspondiente<\/b><span style=\"font-weight: 400;\">. Para ello solicitamos adjuntar en un documento PDF el Curriculum Vitae, y en otro el DNI y todas las certificaciones en el <\/span><b>mismo orden <\/b><span style=\"font-weight: 400;\">en el que se encuentran enunciadas. Para realizar la uni\u00f3n de los documentos en un mismo PDF sugerimos la aplicaci\u00f3n online <\/span><a href=\"https:\/\/www.ilovepdf.com\/merge_pdf\"><span style=\"font-weight: 400;\">ILovePDF<\/span><\/a><span style=\"font-weight: 400;\">.<\/span><\/p>\n<p><span style=\"font-weight: 400;\">En el caso de no contar con alguna certificaci\u00f3n, este antecedente <strong>no deber\u00e1 figurar en el Curriculum<\/strong>, ya que no podr\u00e1 ser considerado por la mesa evaluadora. <\/span><\/p>\n<p><span><\/span><span style=\"font-size: 14px;\">\u00a0<\/span><\/p>[\/et_pb_text][\/et_pb_column][\/et_pb_row][et_pb_row admin_label=\u00bbrow\u00bb _builder_version=\u00bb3.25&#8243; background_size=\u00bbinitial\u00bb background_position=\u00bbtop_left\u00bb background_repeat=\u00bbrepeat\u00bb][et_pb_column type=\u00bb4_4&#8243; _builder_version=\u00bb3.25&#8243; custom_padding=\u00bb|||\u00bb custom_padding__hover=\u00bb|||\u00bb][et_pb_text admin_label=\u00bbText\u00bb _builder_version=\u00bb4.4.8&#8243; background_size=\u00bbinitial\u00bb background_position=\u00bbtop_left\u00bb background_repeat=\u00bbrepeat\u00bb]<p>3<\/p>\n<p>Concurso para cubrir un cargo:<\/p>\n<p>&nbsp;<\/p>\n<p><!-- \/wp:post-content --><\/p>\n<p>&nbsp;<\/p>\n<p><!-- wp:table {\"className\":\"is-style-stripes\"} --><\/p>\n<p>&nbsp;<\/p>\n<figure class=\"wp-block-table is-style-stripes\">\n<table>\n<tbody>\n<tr>\n<td><strong>AREA \/ CARRERA<\/strong><\/td>\n<td><strong>CARGOS<\/strong><\/td>\n<td><strong>CAR\u00c1CTER<\/strong><\/td>\n<\/tr>\n<tr>\n<td>\u00c1REA CIENCIAS SOCIALES, ORIENTACI\u00d3N GEOGRAF\u00cdA<\/td>\n<td>1 CARGO PROFESOR\/A DEDICACI\u00d3N SIMPLE (12 HS)<\/td>\n<td>INTERINO<\/td>\n<\/tr>\n<\/tbody>\n<\/table>\n<\/figure>\n<p>&nbsp;<\/p>\n<p><!-- wp:heading {\"level\":4} --><\/p>\n<p>&nbsp;<\/p>\n<h4><strong>CRONOGRAMA\u00a0\u00a0 DEL\u00a0\u00a0 LLAMADO<\/strong><\/h4>\n<p>&nbsp;<\/p>\n<p><b>DIFUSI\u00d3N:<\/b><span style=\"font-weight: 400;\"> del &#8212; AL&#8211; DE FEBRERO\u00a0 de 2023<\/span><\/p>\n<p>&nbsp;<\/p>\n<p><b>INSCRIPCI\u00d3N VIRTUAL<\/b><b>: \u00a0 <\/b><span style=\"font-weight: 400;\">Del &#8212; AL&#8211; DE FEBRERO DEL 2023<\/span><\/p>\n<p>&nbsp;<\/p>\n<p><!-- wp:paragraph --><\/p>\n<p>&nbsp;<\/p>\n<p><a href=\"https:\/\/forms.gle\/QCV8MWbATxjG3q3G7\">FORMULARIO DE INSCRIPCI\u00d3N<\/a><\/p>\n<p>&nbsp;<\/p>\n<p><!-- \/wp:paragraph --><\/p>\n<p>&nbsp;<\/p>\n<p><!-- wp:paragraph --><\/p>\n<p>&nbsp;<\/p>\n<p><a href=\"https:\/\/drive.google.com\/file\/d\/1ipbrQmpmVRYrnmgB0b9umEZvnhOhfb9F\/view?usp=sharing\">Bases del Concurso AQUI<\/a><\/p>\n<p>&nbsp;<\/p>\n<p><!-- \/wp:paragraph --><\/p>\n<p>&nbsp;<\/p>[\/et_pb_text][\/et_pb_column][\/et_pb_row][\/et_pb_section]<!-- \/wp:heading -->","protected":false},"excerpt":{"rendered":"<p>[et_pb_section fb_built=\u00bb1&#8243; admin_label=\u00bbsection\u00bb _builder_version=\u00bb3.22&#8243;][et_pb_row _builder_version=\u00bb4.4.8&#8243;][et_pb_column type=\u00bb4_4&#8243; _builder_version=\u00bb4.4.8&#8243;][et_pb_text _builder_version=\u00bb4.4.8&#8243; custom_margin=\u00bb||||true|true\u00bb custom_padding=\u00bb25px|25px|25px|25px|true|true\u00bb box_shadow_style=\u00bbpreset2&#8243;] DOCUMENTOS PARA DESCARGAR Planilla de inscripci\u00f3n Declaraci\u00f3n jurada de informaci\u00f3n preocupacional [\/et_pb_text][et_pb_text _builder_version=\u00bb4.4.8&#8243; custom_padding=\u00bb25px|25px|25px|25px|true|true\u00bb box_shadow_style=\u00bbpreset1&#8243; locked=\u00bboff\u00bb] IMPORTANTE Todas las [&hellip;]<\/p>\n","protected":false},"author":4,"featured_media":0,"parent":0,"menu_order":0,"comment_status":"closed","ping_status":"closed","template":"","meta":{"_et_pb_use_builder":"on","_et_pb_old_content":"","_et_gb_content_width":"","footnotes":""},"class_list":["post-7380","page","type-page","status-publish","hentry"],"yoast_head":"<!-- This site is optimized with the Yoast SEO plugin v26.9 - https:\/\/yoast.com\/product\/yoast-seo-wordpress\/ -->\n<title>4A \u00c1REA CIENCIAS SOCIALES ORIENTACI\u00d3N GEOGRAF\u00cdA DEDICACI\u00d3N SEMIEXCLUSIVA. PROFESORADO DE EDUCACI\u00d3N PRIMARIA - IFDC Bariloche<\/title>\n<meta name=\"robots\" content=\"index, follow, max-snippet:-1, max-image-preview:large, max-video-preview:-1\" \/>\n<link rel=\"canonical\" href=\"https:\/\/ifdc.edu.ar\/home\/4a-area-ciencias-sociales-orientacion-geografia-dedicacion-semiexclusiva-profesorado-de-educacion-primaria\/\" \/>\n<meta property=\"og:locale\" content=\"es_ES\" \/>\n<meta property=\"og:type\" content=\"article\" \/>\n<meta property=\"og:title\" content=\"4A \u00c1REA CIENCIAS SOCIALES ORIENTACI\u00d3N GEOGRAF\u00cdA DEDICACI\u00d3N SEMIEXCLUSIVA. PROFESORADO DE EDUCACI\u00d3N PRIMARIA - IFDC Bariloche\" \/>\n<meta property=\"og:description\" content=\"[et_pb_section fb_built=\u00bb1&#8243; admin_label=\u00bbsection\u00bb _builder_version=\u00bb3.22&#8243;][et_pb_row _builder_version=\u00bb4.4.8&#8243;][et_pb_column type=\u00bb4_4&#8243; _builder_version=\u00bb4.4.8&#8243;][et_pb_text _builder_version=\u00bb4.4.8&#8243; custom_margin=\u00bb||||true|true\u00bb custom_padding=\u00bb25px|25px|25px|25px|true|true\u00bb box_shadow_style=\u00bbpreset2&#8243;] DOCUMENTOS PARA DESCARGAR Planilla de inscripci\u00f3n Declaraci\u00f3n jurada de informaci\u00f3n preocupacional [\/et_pb_text][et_pb_text _builder_version=\u00bb4.4.8&#8243; custom_padding=\u00bb25px|25px|25px|25px|true|true\u00bb box_shadow_style=\u00bbpreset1&#8243; locked=\u00bboff\u00bb] IMPORTANTE Todas las [&hellip;]\" \/>\n<meta property=\"og:url\" content=\"https:\/\/ifdc.edu.ar\/home\/4a-area-ciencias-sociales-orientacion-geografia-dedicacion-semiexclusiva-profesorado-de-educacion-primaria\/\" \/>\n<meta property=\"og:site_name\" content=\"IFDC Bariloche\" \/>\n<meta property=\"article:modified_time\" content=\"2022-11-29T21:01:23+00:00\" \/>\n<meta name=\"twitter:card\" content=\"summary_large_image\" \/>\n<meta name=\"twitter:label1\" content=\"Tiempo de lectura\" \/>\n\t<meta name=\"twitter:data1\" content=\"2 minutos\" \/>\n<script type=\"application\/ld+json\" class=\"yoast-schema-graph\">{\"@context\":\"https:\/\/schema.org\",\"@graph\":[{\"@type\":\"WebPage\",\"@id\":\"https:\/\/ifdc.edu.ar\/home\/4a-area-ciencias-sociales-orientacion-geografia-dedicacion-semiexclusiva-profesorado-de-educacion-primaria\/\",\"url\":\"https:\/\/ifdc.edu.ar\/home\/4a-area-ciencias-sociales-orientacion-geografia-dedicacion-semiexclusiva-profesorado-de-educacion-primaria\/\",\"name\":\"4A \u00c1REA CIENCIAS SOCIALES ORIENTACI\u00d3N GEOGRAF\u00cdA DEDICACI\u00d3N SEMIEXCLUSIVA. PROFESORADO DE EDUCACI\u00d3N PRIMARIA - IFDC Bariloche\",\"isPartOf\":{\"@id\":\"https:\/\/ifdc.edu.ar\/home\/#website\"},\"datePublished\":\"2022-11-29T20:57:23+00:00\",\"dateModified\":\"2022-11-29T21:01:23+00:00\",\"breadcrumb\":{\"@id\":\"https:\/\/ifdc.edu.ar\/home\/4a-area-ciencias-sociales-orientacion-geografia-dedicacion-semiexclusiva-profesorado-de-educacion-primaria\/#breadcrumb\"},\"inLanguage\":\"es\",\"potentialAction\":[{\"@type\":\"ReadAction\",\"target\":[\"https:\/\/ifdc.edu.ar\/home\/4a-area-ciencias-sociales-orientacion-geografia-dedicacion-semiexclusiva-profesorado-de-educacion-primaria\/\"]}]},{\"@type\":\"BreadcrumbList\",\"@id\":\"https:\/\/ifdc.edu.ar\/home\/4a-area-ciencias-sociales-orientacion-geografia-dedicacion-semiexclusiva-profesorado-de-educacion-primaria\/#breadcrumb\",\"itemListElement\":[{\"@type\":\"ListItem\",\"position\":1,\"name\":\"Portada\",\"item\":\"https:\/\/ifdc.edu.ar\/home\/\"},{\"@type\":\"ListItem\",\"position\":2,\"name\":\"4A \u00c1REA CIENCIAS SOCIALES ORIENTACI\u00d3N GEOGRAF\u00cdA DEDICACI\u00d3N SEMIEXCLUSIVA. PROFESORADO DE EDUCACI\u00d3N PRIMARIA\"}]},{\"@type\":\"WebSite\",\"@id\":\"https:\/\/ifdc.edu.ar\/home\/#website\",\"url\":\"https:\/\/ifdc.edu.ar\/home\/\",\"name\":\"IFDC Bariloche\",\"description\":\"IFDC Bariloche\",\"potentialAction\":[{\"@type\":\"SearchAction\",\"target\":{\"@type\":\"EntryPoint\",\"urlTemplate\":\"https:\/\/ifdc.edu.ar\/home\/?s={search_term_string}\"},\"query-input\":{\"@type\":\"PropertyValueSpecification\",\"valueRequired\":true,\"valueName\":\"search_term_string\"}}],\"inLanguage\":\"es\"}]}<\/script>\n<!-- \/ Yoast SEO plugin. -->","yoast_head_json":{"title":"4A \u00c1REA CIENCIAS SOCIALES ORIENTACI\u00d3N GEOGRAF\u00cdA DEDICACI\u00d3N SEMIEXCLUSIVA. PROFESORADO DE EDUCACI\u00d3N PRIMARIA - IFDC Bariloche","robots":{"index":"index","follow":"follow","max-snippet":"max-snippet:-1","max-image-preview":"max-image-preview:large","max-video-preview":"max-video-preview:-1"},"canonical":"https:\/\/ifdc.edu.ar\/home\/4a-area-ciencias-sociales-orientacion-geografia-dedicacion-semiexclusiva-profesorado-de-educacion-primaria\/","og_locale":"es_ES","og_type":"article","og_title":"4A \u00c1REA CIENCIAS SOCIALES ORIENTACI\u00d3N GEOGRAF\u00cdA DEDICACI\u00d3N SEMIEXCLUSIVA. PROFESORADO DE EDUCACI\u00d3N PRIMARIA - IFDC Bariloche","og_description":"[et_pb_section fb_built=\u00bb1&#8243; admin_label=\u00bbsection\u00bb _builder_version=\u00bb3.22&#8243;][et_pb_row _builder_version=\u00bb4.4.8&#8243;][et_pb_column type=\u00bb4_4&#8243; _builder_version=\u00bb4.4.8&#8243;][et_pb_text _builder_version=\u00bb4.4.8&#8243; custom_margin=\u00bb||||true|true\u00bb custom_padding=\u00bb25px|25px|25px|25px|true|true\u00bb box_shadow_style=\u00bbpreset2&#8243;] DOCUMENTOS PARA DESCARGAR Planilla de inscripci\u00f3n Declaraci\u00f3n jurada de informaci\u00f3n preocupacional [\/et_pb_text][et_pb_text _builder_version=\u00bb4.4.8&#8243; custom_padding=\u00bb25px|25px|25px|25px|true|true\u00bb box_shadow_style=\u00bbpreset1&#8243; locked=\u00bboff\u00bb] IMPORTANTE Todas las [&hellip;]","og_url":"https:\/\/ifdc.edu.ar\/home\/4a-area-ciencias-sociales-orientacion-geografia-dedicacion-semiexclusiva-profesorado-de-educacion-primaria\/","og_site_name":"IFDC Bariloche","article_modified_time":"2022-11-29T21:01:23+00:00","twitter_card":"summary_large_image","twitter_misc":{"Tiempo de lectura":"2 minutos"},"schema":{"@context":"https:\/\/schema.org","@graph":[{"@type":"WebPage","@id":"https:\/\/ifdc.edu.ar\/home\/4a-area-ciencias-sociales-orientacion-geografia-dedicacion-semiexclusiva-profesorado-de-educacion-primaria\/","url":"https:\/\/ifdc.edu.ar\/home\/4a-area-ciencias-sociales-orientacion-geografia-dedicacion-semiexclusiva-profesorado-de-educacion-primaria\/","name":"4A \u00c1REA CIENCIAS SOCIALES ORIENTACI\u00d3N GEOGRAF\u00cdA DEDICACI\u00d3N SEMIEXCLUSIVA. PROFESORADO DE EDUCACI\u00d3N PRIMARIA - IFDC Bariloche","isPartOf":{"@id":"https:\/\/ifdc.edu.ar\/home\/#website"},"datePublished":"2022-11-29T20:57:23+00:00","dateModified":"2022-11-29T21:01:23+00:00","breadcrumb":{"@id":"https:\/\/ifdc.edu.ar\/home\/4a-area-ciencias-sociales-orientacion-geografia-dedicacion-semiexclusiva-profesorado-de-educacion-primaria\/#breadcrumb"},"inLanguage":"es","potentialAction":[{"@type":"ReadAction","target":["https:\/\/ifdc.edu.ar\/home\/4a-area-ciencias-sociales-orientacion-geografia-dedicacion-semiexclusiva-profesorado-de-educacion-primaria\/"]}]},{"@type":"BreadcrumbList","@id":"https:\/\/ifdc.edu.ar\/home\/4a-area-ciencias-sociales-orientacion-geografia-dedicacion-semiexclusiva-profesorado-de-educacion-primaria\/#breadcrumb","itemListElement":[{"@type":"ListItem","position":1,"name":"Portada","item":"https:\/\/ifdc.edu.ar\/home\/"},{"@type":"ListItem","position":2,"name":"4A \u00c1REA CIENCIAS SOCIALES ORIENTACI\u00d3N GEOGRAF\u00cdA DEDICACI\u00d3N SEMIEXCLUSIVA. PROFESORADO DE EDUCACI\u00d3N PRIMARIA"}]},{"@type":"WebSite","@id":"https:\/\/ifdc.edu.ar\/home\/#website","url":"https:\/\/ifdc.edu.ar\/home\/","name":"IFDC Bariloche","description":"IFDC Bariloche","potentialAction":[{"@type":"SearchAction","target":{"@type":"EntryPoint","urlTemplate":"https:\/\/ifdc.edu.ar\/home\/?s={search_term_string}"},"query-input":{"@type":"PropertyValueSpecification","valueRequired":true,"valueName":"search_term_string"}}],"inLanguage":"es"}]}},"_links":{"self":[{"href":"https:\/\/ifdc.edu.ar\/home\/wp-json\/wp\/v2\/pages\/7380","targetHints":{"allow":["GET"]}}],"collection":[{"href":"https:\/\/ifdc.edu.ar\/home\/wp-json\/wp\/v2\/pages"}],"about":[{"href":"https:\/\/ifdc.edu.ar\/home\/wp-json\/wp\/v2\/types\/page"}],"author":[{"embeddable":true,"href":"https:\/\/ifdc.edu.ar\/home\/wp-json\/wp\/v2\/users\/4"}],"replies":[{"embeddable":true,"href":"https:\/\/ifdc.edu.ar\/home\/wp-json\/wp\/v2\/comments?post=7380"}],"version-history":[{"count":3,"href":"https:\/\/ifdc.edu.ar\/home\/wp-json\/wp\/v2\/pages\/7380\/revisions"}],"predecessor-version":[{"id":7384,"href":"https:\/\/ifdc.edu.ar\/home\/wp-json\/wp\/v2\/pages\/7380\/revisions\/7384"}],"wp:attachment":[{"href":"https:\/\/ifdc.edu.ar\/home\/wp-json\/wp\/v2\/media?parent=7380"}],"curies":[{"name":"wp","href":"https:\/\/api.w.org\/{rel}","templated":true}]}}