{"id":7989,"date":"2023-08-29T14:32:45","date_gmt":"2023-08-29T14:32:45","guid":{"rendered":"https:\/\/ifdc.edu.ar\/home\/?page_id=7989"},"modified":"2024-03-07T15:48:28","modified_gmt":"2024-03-07T15:48:28","slug":"programa-institucional-educacion-y-tic","status":"publish","type":"page","link":"https:\/\/ifdc.edu.ar\/home\/programa-institucional-educacion-y-tic\/","title":{"rendered":"PROGRAMA INSTITUCIONAL EDUCACI\u00d3N Y TIC"},"content":{"rendered":"<p>[et_pb_section fb_built=\u00bb1&#8243; _builder_version=\u00bb4.4.8&#8243; background_image=\u00bbhttps:\/\/ifdc.edu.ar\/home\/wp-content\/uploads\/2021\/02\/Gradiente-1.png\u00bb locked=\u00bboff\u00bb][et_pb_row _builder_version=\u00bb4.4.8&#8243;][et_pb_column type=\u00bb4_4&#8243; _builder_version=\u00bb4.4.8&#8243;][et_pb_text _builder_version=\u00bb4.4.8&#8243; header_text_color=\u00bb#f9f9f9&#8243;]<\/p>\n<header class=\"entry-header\">\n<h1 class=\"entry-title\" itemprop=\"headline\" style=\"text-align: center;\"><strong> PROGRAMA INSTITUCIONAL EDUCACI\u00d3N Y TIC<\/strong><\/h1>\n<\/header>\n<p>[\/et_pb_text][\/et_pb_column][\/et_pb_row][\/et_pb_section][et_pb_section fb_built=\u00bb1&#8243; disabled_on=\u00bbon|on|on\u00bb _builder_version=\u00bb4.4.8&#8243; disabled=\u00bbon\u00bb][et_pb_row _builder_version=\u00bb4.4.8&#8243;][et_pb_column type=\u00bb4_4&#8243; _builder_version=\u00bb4.4.8&#8243;][et_pb_image src=\u00bbhttps:\/\/ifdc.edu.ar\/home\/wp-content\/uploads\/2023\/08\/logo-amb.png\u00bb title_text=\u00bblogo amb\u00bb _builder_version=\u00bb4.4.8&#8243; width=\u00bb33%\u00bb module_alignment=\u00bbcenter\u00bb][\/et_pb_image][\/et_pb_column][\/et_pb_row][et_pb_row _builder_version=\u00bb4.4.8&#8243;][et_pb_column type=\u00bb4_4&#8243; _builder_version=\u00bb4.4.8&#8243;][et_pb_text _builder_version=\u00bb4.4.8&#8243;]<\/p>\n<h1 class=\"entry-header\"><b>\u00bfQui\u00e9nes somos?<\/b><\/h1>\n<header class=\"entry-header\">Docentes y estudiantes de distintos Profesorados del IFDC Bariloche ocupades en generar acciones para valorizar la importancia de adoptar una visi\u00f3n m\u00e1s integral y responsable hacia el cuidado de nosotres mismes, les dem\u00e1s y el entorno que habitamos.<\/header>\n<header class=\"entry-header\"><\/header>\n<header class=\"entry-header\"><span style=\"font-weight: 400;\"><\/span>&nbsp;<\/header>\n<p>[\/et_pb_text][et_pb_image src=\u00bbhttps:\/\/ifdc.edu.ar\/home\/wp-content\/uploads\/2023\/08\/1.jpg\u00bb title_text=\u00bb1&#8243; align=\u00bbcenter\u00bb _builder_version=\u00bb4.4.8&#8243;][\/et_pb_image][et_pb_text _builder_version=\u00bb4.4.8&#8243;]<\/p>\n<p class=\"entry-header\"><span>Adherimos a&nbsp; considerar<\/span><span> a la Educaci\u00f3n Ambiental Integral como un derecho y a la vez<\/span> <b>un proceso permanente, transversal e integral.<\/b><\/p>\n<p>&nbsp;[\/et_pb_text][\/et_pb_column][\/et_pb_row][et_pb_row column_structure=\u00bb1_2,1_2&#8243; _builder_version=\u00bb4.4.8&#8243; custom_padding=\u00bb15px|15px|15px|15px|false|false\u00bb box_shadow_style=\u00bbpreset1&#8243; locked=\u00bboff\u00bb][et_pb_column type=\u00bb1_2&#8243; _builder_version=\u00bb4.4.8&#8243;][et_pb_text _builder_version=\u00bb4.4.8&#8243;]<\/p>\n<h2 style=\"text-align: center;\"><b>Sostenemos que:<\/b><\/h2>\n<p><span style=\"font-weight: 400;\">Una <\/span><b>EA permanente<\/b><span style=\"font-weight: 400;\"> implica pensarla para la vida, con un horizonte de futuro pero situada en el presente. Tambi\u00e9n significa el desaf\u00edo de su implementaci\u00f3n en todos los niveles y modalidades del sistema educativo y en la educaci\u00f3n no formal.<\/span><\/p>\n<p><span style=\"font-weight: 400;\">Una <\/span><b>EA transversal<\/b><span style=\"font-weight: 400;\"> supone pensar en propuestas que relacionen tem\u00e1ticas que son parte de las preocupaciones diarias de nuestras\/os estudiantes y de la comunidad en general como la salud y la alimentaci\u00f3n, la perspectiva de g\u00e9nero, la interculturalidad, el acceso a la tierra, entre otras.<\/span><\/p>\n<p><span style=\"font-weight: 400;\">Una <\/span><b>EA integral<\/b><span style=\"font-weight: 400;\"> requiere, por un lado, el desarrollo de diferentes <\/span><i><span style=\"font-weight: 400;\">\u201cconocimientos, saberes, valores y pr\u00e1cticas que confluyan y aporten a la formaci\u00f3n ciudadana y al ejercicio del derecho a un ambiente sano, digno y diverso\u201d<\/span><\/i><span style=\"font-weight: 400;\"> (Ley de EAI, Art. 2). Por otro lado, significa comprender a la EA<\/span><span style=\"font-weight: 400;\">&nbsp; como un campo de conocimiento complejo e interdisciplinario.&nbsp;<\/span>[\/et_pb_text][\/et_pb_column][et_pb_column type=\u00bb1_2&#8243; _builder_version=\u00bb4.4.8&#8243;][et_pb_image src=\u00bbhttps:\/\/ifdc.edu.ar\/home\/wp-content\/uploads\/2023\/08\/2.jpg\u00bb title_text=\u00bb2&#8243; align=\u00bbcenter\u00bb _builder_version=\u00bb4.4.8&#8243;][\/et_pb_image][et_pb_image src=\u00bbhttps:\/\/ifdc.edu.ar\/home\/wp-content\/uploads\/2023\/08\/3.jpg\u00bb align=\u00bbcenter\u00bb _builder_version=\u00bb4.4.8&#8243;][\/et_pb_image][\/et_pb_column][\/et_pb_row][et_pb_row _builder_version=\u00bb4.4.8&#8243;][et_pb_column type=\u00bb4_4&#8243; _builder_version=\u00bb4.4.8&#8243;][et_pb_divider show_divider=\u00bboff\u00bb _builder_version=\u00bb4.4.8&#8243;][\/et_pb_divider][\/et_pb_column][\/et_pb_row][et_pb_row column_structure=\u00bb1_2,1_2&#8243; _builder_version=\u00bb4.4.8&#8243; min_height=\u00bb129px\u00bb custom_padding=\u00bb15px|15px|15px|15px|false|false\u00bb box_shadow_style=\u00bbpreset1&#8243; locked=\u00bboff\u00bb][et_pb_column type=\u00bb1_2&#8243; _builder_version=\u00bb4.4.8&#8243;][et_pb_text _builder_version=\u00bb4.4.8&#8243;]<\/p>\n<h2><b>Nuestros prop\u00f3sitos<\/b><\/h2>\n<h2><\/h2>\n<ul>\n<li style=\"font-weight: 400;\" aria-level=\"1\"><span style=\"font-weight: 400;\">Generar instancias de formaci\u00f3n inicial y permanente tendientes a construir conocimientos y saberes necesarios para poner en pr\u00e1ctica propuestas de EAI en los diversos contextos del sistema educativo provincial.<\/span><\/li>\n<li style=\"font-weight: 400;\" aria-level=\"1\"><span style=\"font-weight: 400;\">Promover, en la comunidad educativa del IFDC y otras instituciones que se sumen, la construcci\u00f3n de conocimientos, saberes, valores y pr\u00e1cticas que confluyan y aporten a la formaci\u00f3n ciudadana y al ejercicio del derecho a un ambiente sano, digno y diverso (Ley de EAI, Art. 2).<\/span><\/li>\n<li style=\"font-weight: 400;\" aria-level=\"1\"><span style=\"font-weight: 400;\">Integrar gradualmente la Educaci\u00f3n Ambiental de forma transversal en el curr\u00edculum de cada profesorado.<\/span><\/li>\n<li style=\"font-weight: 400;\" aria-level=\"1\"><span style=\"font-weight: 400;\">Realizar acciones organizadas en proyectos que permitan transitar el camino hacia la concreci\u00f3n de un IFDC sustentable.<\/span><\/li>\n<\/ul>\n<p>[\/et_pb_text][\/et_pb_column][et_pb_column type=\u00bb1_2&#8243; _builder_version=\u00bb4.4.8&#8243;][et_pb_image src=\u00bbhttps:\/\/ifdc.edu.ar\/home\/wp-content\/uploads\/2023\/08\/4.jpg\u00bb align=\u00bbcenter\u00bb _builder_version=\u00bb4.4.8&#8243; custom_padding=\u00bb70px||||false|false\u00bb][\/et_pb_image][\/et_pb_column][\/et_pb_row][et_pb_row _builder_version=\u00bb4.4.8&#8243;][et_pb_column type=\u00bb4_4&#8243; _builder_version=\u00bb4.4.8&#8243;][et_pb_divider show_divider=\u00bboff\u00bb _builder_version=\u00bb4.4.8&#8243;][\/et_pb_divider][\/et_pb_column][\/et_pb_row][et_pb_row _builder_version=\u00bb4.4.8&#8243; custom_padding=\u00bb15px|15px|15px|15px|false|false\u00bb box_shadow_style=\u00bbpreset1&#8243; locked=\u00bboff\u00bb][et_pb_column type=\u00bb4_4&#8243; _builder_version=\u00bb4.4.8&#8243;][et_pb_text _builder_version=\u00bb4.4.8&#8243; custom_padding=\u00bb||10px|||\u00bb]<\/p>\n<h2><strong>As\u00ed es como concebimos dos l\u00edneas de acci\u00f3n principales:<\/strong><\/h2>\n<ol>\n<li style=\"font-weight: 400;\" aria-level=\"1\"><b>El IFDC en el tr\u00e1nsito hacia una instituci\u00f3n sustentable.<\/b> <span style=\"font-weight: 400;\">Transitar un camino hacia la meta de transformar al IFDC de Bariloche en una instituci\u00f3n que promueva un \u201cambiente sustentable\u201d. En tal sentido, consideramos necesario realizar cambios institucionales conducentes a generar acciones y pr\u00e1cticas coherentes con la sustentabilidad del ambiente. Se trata de concretar&nbsp; proyectos institucionales transversales y, en lo posible, articular con otras instituciones educativas, organismos p\u00fablicos, fundaciones, ONGs, etc.<\/span><\/li>\n<\/ol>\n<p><span style=\"font-weight: 400;\">Nos interesa avanzar en las siguientes acciones: separaci\u00f3n y clasificaci\u00f3n de los residuos s\u00f3lidos, consumo racional y responsable de la energ\u00eda el\u00e9ctrica y gas, acceso a agua para consumo humano, entre otras.<\/span>[\/et_pb_text][\/et_pb_column][\/et_pb_row][et_pb_row column_structure=\u00bb1_2,1_2&#8243; _builder_version=\u00bb4.4.8&#8243;][et_pb_column type=\u00bb1_2&#8243; _builder_version=\u00bb4.4.8&#8243;][et_pb_image src=\u00bbhttps:\/\/ifdc.edu.ar\/home\/wp-content\/uploads\/2023\/08\/5.jpg\u00bb _builder_version=\u00bb4.4.8&#8243;][\/et_pb_image][\/et_pb_column][et_pb_column type=\u00bb1_2&#8243; _builder_version=\u00bb4.4.8&#8243;][et_pb_text _builder_version=\u00bb4.4.8&#8243; module_alignment=\u00bbcenter\u00bb custom_padding=\u00bb50px||||false|false\u00bb]<\/p>\n<h3 style=\"padding-left: 30px; text-align: center;\"><b>En las pr\u00f3ximas semanas, en el IFDC, comenzaremos con la separaci\u00f3n de residuos s\u00f3lidos en origen como propuesta sustentable en el manejo de nuestros residuos.&nbsp;<\/b><\/h3>\n<p>[\/et_pb_text][\/et_pb_column][\/et_pb_row][et_pb_row _builder_version=\u00bb4.4.8&#8243; custom_padding=\u00bb15px|15px|15px|15px|false|false\u00bb box_shadow_style=\u00bbpreset1&#8243; locked=\u00bboff\u00bb][et_pb_column type=\u00bb4_4&#8243; _builder_version=\u00bb4.4.8&#8243;][et_pb_text _builder_version=\u00bb4.4.8&#8243; custom_padding=\u00bb||10px|||\u00bb]<b>&nbsp;<\/b>2. <b>El IFDC como instituci\u00f3n referente en Educaci\u00f3n Ambiental Integral (EAI) para la formaci\u00f3n inicial y permanente.<\/b> <span style=\"font-weight: 400;\">Acciones tendientes a constituir gradualmente al IFDC como una instituci\u00f3n que resulte referencia para pensar la EAI en instituciones educativas de los diferentes niveles y modalidades del sistema educativo provincial (jardines, escuelas primarias, escuelas secundarias). Para ello contemplamos instancias de formaci\u00f3n inicial y permanente como, as\u00ed tambi\u00e9n, diversas modalidades de articulaci\u00f3n entre instituciones: visitas, muestras, talleres, producci\u00f3n de material did\u00e1ctico, entre otras.<\/span>[\/et_pb_text][\/et_pb_column][\/et_pb_row][et_pb_row column_structure=\u00bb1_2,1_2&#8243; _builder_version=\u00bb4.4.8&#8243;][et_pb_column type=\u00bb1_2&#8243; _builder_version=\u00bb4.4.8&#8243;][et_pb_text _builder_version=\u00bb4.4.8&#8243; custom_margin=\u00bb50px||||false|false\u00bb]<\/p>\n<h3 style=\"padding-left: 30px; text-align: center;\"><b>Comenzamos con la recuperaci\u00f3n del parque interpretativo de la Zona Andina y pretendemos avanzar hacia la Parquizaci\u00f3n del espacio verde del IFDC.<\/b><\/h3>\n<p>[\/et_pb_text][\/et_pb_column][et_pb_column type=\u00bb1_2&#8243; _builder_version=\u00bb4.4.8&#8243;][et_pb_image src=\u00bbhttps:\/\/ifdc.edu.ar\/home\/wp-content\/uploads\/2023\/08\/6.jpg\u00bb title_text=\u00bb6&#8243; _builder_version=\u00bb4.4.8&#8243;][\/et_pb_image][\/et_pb_column][\/et_pb_row][\/et_pb_section][et_pb_section fb_built=\u00bb1&#8243; _builder_version=\u00bb4.4.8&#8243; disabled_on=\u00bbon|on|on\u00bb disabled=\u00bbon\u00bb][et_pb_row _builder_version=\u00bb4.4.8&#8243;][et_pb_column type=\u00bb4_4&#8243; _builder_version=\u00bb4.4.8&#8243;][et_pb_testimonial author=\u00bbPod\u00e9s contactarnos mediante este mail: educambientalbariloche@ifdc.edu.ar\u00bb portrait_url=\u00bbhttps:\/\/ifdc.edu.ar\/home\/wp-content\/uploads\/2023\/08\/logo-amb.png\u00bb _builder_version=\u00bb4.4.8&#8243;]<b>Conoc\u00e9 nuestro Programa Institucional de EAI haciendo click <\/b><a href=\"https:\/\/drive.google.com\/file\/d\/1jTyeXk7l__DQcZUcLOjb_PiTHrXLmNxy\/view?usp=drive_link\"><b>AC\u00c1<\/b><\/a>[\/et_pb_testimonial][\/et_pb_column][\/et_pb_row][et_pb_row _builder_version=\u00bb4.4.8&#8243;][et_pb_column type=\u00bb4_4&#8243; _builder_version=\u00bb4.4.8&#8243;][et_pb_divider show_divider=\u00bboff\u00bb _builder_version=\u00bb4.4.8&#8243; box_shadow_style=\u00bbpreset3&#8243;][\/et_pb_divider][\/et_pb_column][\/et_pb_row][et_pb_row column_structure=\u00bb1_2,1_2&#8243; _builder_version=\u00bb4.4.8&#8243;][et_pb_column type=\u00bb1_2&#8243; _builder_version=\u00bb4.4.8&#8243;][et_pb_text _builder_version=\u00bb4.4.8&#8243; custom_padding=\u00bb||0px|||\u00bb]<b>Segu\u00ed las <\/b><b>novedades del Programa de EAI<\/b><b> mediante este sitio y por nuestro instagram:&nbsp;<a href=\"https:\/\/instagram.com\/educambientalbariloche?igshid=MzRlODBiNWFlZA==\">https:\/\/instagram.com\/educambientalbariloche?igshid=MzRlODBiNWFlZA==<\/a><\/b><\/p>\n<p>&nbsp;<\/p>\n<p><b>Se viene la 2\u00b0 parte del Taller de compostaje en <\/b><b>septiembre<\/b><b>\u2026<\/b><\/p>\n<p>&nbsp;<\/p>\n<p><b>En septiembre<\/b><b>: \u201cLa observaci\u00f3n de aves en el marco de la educaci\u00f3n ambiental integral\u201d.<\/b><\/p>\n<p><b>Jornada-Taller destinada a Docentes de todos los niveles y modalidades con sala, grado, curso o grupo a cargo.<\/b><\/p>\n<p><b>Breve descripci\u00f3n<\/b><\/p>\n<p><b>Propuesta de formaci\u00f3n permanente, planteada en el marco de la \u201cApertura de Temporada de Observaci\u00f3n de Aves\u201d, que se realiza en la regi\u00f3n patag\u00f3nica desde hace diez a\u00f1os. Tiene como prop\u00f3sito la observaci\u00f3n de aves como una valiosa puerta de entrada para la EAI ya que promueve acciones genuinas para la alfabetizaci\u00f3n ambiental, la participaci\u00f3n ciudadana y la defensa de la sustentabilidad como proyecto social para la preservaci\u00f3n de la naturaleza, la participaci\u00f3n democr\u00e1tica y el respeto por la diversidad cultural. (En breve se abrir\u00e1 la inscripci\u00f3n)&nbsp;<\/b><\/p>\n<p>&nbsp;<\/p>\n<p><b>\u00a1Sumate a las propuestas y a los proyectos que m\u00e1s te entusiasmen!<\/b><\/p>\n<p><b>TE ESTAMOS ESPERANDO<\/b><b>&nbsp;<\/b>[\/et_pb_text][\/et_pb_column][et_pb_column type=\u00bb1_2&#8243; _builder_version=\u00bb4.4.8&#8243;][et_pb_image src=\u00bbhttps:\/\/ifdc.edu.ar\/home\/wp-content\/uploads\/2023\/08\/7.jpg\u00bb align=\u00bbcenter\u00bb _builder_version=\u00bb4.4.8&#8243;][\/et_pb_image][et_pb_image src=\u00bbhttps:\/\/ifdc.edu.ar\/home\/wp-content\/uploads\/2023\/08\/8.jpg\u00bb align=\u00bbcenter\u00bb _builder_version=\u00bb4.4.8&#8243;][\/et_pb_image][et_pb_image src=\u00bbhttps:\/\/ifdc.edu.ar\/home\/wp-content\/uploads\/2023\/08\/9.jpg\u00bb align=\u00bbcenter\u00bb _builder_version=\u00bb4.4.8&#8243;][\/et_pb_image][\/et_pb_column][\/et_pb_row][et_pb_row column_structure=\u00bb1_2,1_2&#8243; _builder_version=\u00bb4.4.8&#8243; box_shadow_style=\u00bbpreset1&#8243;][et_pb_column type=\u00bb1_2&#8243; _builder_version=\u00bb4.4.8&#8243;][et_pb_text _builder_version=\u00bb4.4.8&#8243; custom_padding=\u00bb50px||||false|false\u00bb]<\/p>\n<p style=\"text-align: center;\"><b>Link a la Ley de Educaci\u00f3n Ambiental Integral: <\/b><a href=\"https:\/\/www.argentina.gob.ar\/normativa\/nacional\/ley-27621-350594\/texto\"><b>https:\/\/www.argentina.gob.ar\/normativa\/nacional\/ley-27621-350594\/texto<\/b><\/a><\/p>\n<p>[\/et_pb_text][\/et_pb_column][et_pb_column type=\u00bb1_2&#8243; _builder_version=\u00bb4.4.8&#8243;][et_pb_image src=\u00bbhttps:\/\/ifdc.edu.ar\/home\/wp-content\/uploads\/2023\/08\/10.jpg\u00bb align=\u00bbcenter\u00bb _builder_version=\u00bb4.4.8&#8243;][\/et_pb_image][\/et_pb_column][\/et_pb_row][\/et_pb_section]<\/p>\n","protected":false},"excerpt":{"rendered":"<p>[et_pb_section fb_built=\u00bb1&#8243; _builder_version=\u00bb4.4.8&#8243; background_image=\u00bbhttps:\/\/ifdc.edu.ar\/home\/wp-content\/uploads\/2021\/02\/Gradiente-1.png\u00bb locked=\u00bboff\u00bb][et_pb_row _builder_version=\u00bb4.4.8&#8243;][et_pb_column type=\u00bb4_4&#8243; _builder_version=\u00bb4.4.8&#8243;][et_pb_text _builder_version=\u00bb4.4.8&#8243; header_text_color=\u00bb#f9f9f9&#8243;] PROGRAMA INSTITUCIONAL EDUCACI\u00d3N Y TIC [\/et_pb_text][\/et_pb_column][\/et_pb_row][\/et_pb_section][et_pb_section fb_built=\u00bb1&#8243; disabled_on=\u00bbon|on|on\u00bb _builder_version=\u00bb4.4.8&#8243; disabled=\u00bbon\u00bb][et_pb_row _builder_version=\u00bb4.4.8&#8243;][et_pb_column type=\u00bb4_4&#8243; _builder_version=\u00bb4.4.8&#8243;][et_pb_image src=\u00bbhttps:\/\/ifdc.edu.ar\/home\/wp-content\/uploads\/2023\/08\/logo-amb.png\u00bb title_text=\u00bblogo amb\u00bb _builder_version=\u00bb4.4.8&#8243; width=\u00bb33%\u00bb module_alignment=\u00bbcenter\u00bb][\/et_pb_image][\/et_pb_column][\/et_pb_row][et_pb_row _builder_version=\u00bb4.4.8&#8243;][et_pb_column [&hellip;]<\/p>\n","protected":false},"author":3,"featured_media":0,"parent":0,"menu_order":0,"comment_status":"closed","ping_status":"closed","template":"","meta":{"_et_pb_use_builder":"on","_et_pb_old_content":"","_et_gb_content_width":"","footnotes":""},"class_list":["post-7989","page","type-page","status-publish","hentry"],"yoast_head":"<!-- This site is optimized with the Yoast SEO plugin v26.9 - https:\/\/yoast.com\/product\/yoast-seo-wordpress\/ -->\n<title>PROGRAMA INSTITUCIONAL EDUCACI\u00d3N Y TIC - IFDC Bariloche<\/title>\n<meta name=\"robots\" content=\"index, follow, max-snippet:-1, max-image-preview:large, max-video-preview:-1\" \/>\n<link rel=\"canonical\" href=\"https:\/\/ifdc.edu.ar\/home\/programa-institucional-educacion-y-tic\/\" \/>\n<meta property=\"og:locale\" content=\"es_ES\" \/>\n<meta property=\"og:type\" content=\"article\" \/>\n<meta property=\"og:title\" content=\"PROGRAMA INSTITUCIONAL EDUCACI\u00d3N Y TIC - IFDC Bariloche\" \/>\n<meta property=\"og:description\" content=\"[et_pb_section fb_built=\u00bb1&#8243; _builder_version=\u00bb4.4.8&#8243; background_image=\u00bbhttps:\/\/ifdc.edu.ar\/home\/wp-content\/uploads\/2021\/02\/Gradiente-1.png\u00bb locked=\u00bboff\u00bb][et_pb_row _builder_version=\u00bb4.4.8&#8243;][et_pb_column type=\u00bb4_4&#8243; _builder_version=\u00bb4.4.8&#8243;][et_pb_text _builder_version=\u00bb4.4.8&#8243; header_text_color=\u00bb#f9f9f9&#8243;] PROGRAMA INSTITUCIONAL EDUCACI\u00d3N Y TIC [\/et_pb_text][\/et_pb_column][\/et_pb_row][\/et_pb_section][et_pb_section fb_built=\u00bb1&#8243; disabled_on=\u00bbon|on|on\u00bb _builder_version=\u00bb4.4.8&#8243; disabled=\u00bbon\u00bb][et_pb_row _builder_version=\u00bb4.4.8&#8243;][et_pb_column type=\u00bb4_4&#8243; _builder_version=\u00bb4.4.8&#8243;][et_pb_image src=\u00bbhttps:\/\/ifdc.edu.ar\/home\/wp-content\/uploads\/2023\/08\/logo-amb.png\u00bb title_text=\u00bblogo amb\u00bb _builder_version=\u00bb4.4.8&#8243; width=\u00bb33%\u00bb module_alignment=\u00bbcenter\u00bb][\/et_pb_image][\/et_pb_column][\/et_pb_row][et_pb_row _builder_version=\u00bb4.4.8&#8243;][et_pb_column [&hellip;]\" \/>\n<meta property=\"og:url\" content=\"https:\/\/ifdc.edu.ar\/home\/programa-institucional-educacion-y-tic\/\" \/>\n<meta property=\"og:site_name\" content=\"IFDC Bariloche\" \/>\n<meta property=\"article:modified_time\" content=\"2024-03-07T15:48:28+00:00\" \/>\n<meta name=\"twitter:card\" content=\"summary_large_image\" \/>\n<meta name=\"twitter:label1\" content=\"Tiempo de lectura\" \/>\n\t<meta name=\"twitter:data1\" content=\"8 minutos\" \/>\n<script type=\"application\/ld+json\" class=\"yoast-schema-graph\">{\"@context\":\"https:\/\/schema.org\",\"@graph\":[{\"@type\":\"WebPage\",\"@id\":\"https:\/\/ifdc.edu.ar\/home\/programa-institucional-educacion-y-tic\/\",\"url\":\"https:\/\/ifdc.edu.ar\/home\/programa-institucional-educacion-y-tic\/\",\"name\":\"PROGRAMA INSTITUCIONAL EDUCACI\u00d3N Y TIC - IFDC Bariloche\",\"isPartOf\":{\"@id\":\"https:\/\/ifdc.edu.ar\/home\/#website\"},\"datePublished\":\"2023-08-29T14:32:45+00:00\",\"dateModified\":\"2024-03-07T15:48:28+00:00\",\"breadcrumb\":{\"@id\":\"https:\/\/ifdc.edu.ar\/home\/programa-institucional-educacion-y-tic\/#breadcrumb\"},\"inLanguage\":\"es\",\"potentialAction\":[{\"@type\":\"ReadAction\",\"target\":[\"https:\/\/ifdc.edu.ar\/home\/programa-institucional-educacion-y-tic\/\"]}]},{\"@type\":\"BreadcrumbList\",\"@id\":\"https:\/\/ifdc.edu.ar\/home\/programa-institucional-educacion-y-tic\/#breadcrumb\",\"itemListElement\":[{\"@type\":\"ListItem\",\"position\":1,\"name\":\"Portada\",\"item\":\"https:\/\/ifdc.edu.ar\/home\/\"},{\"@type\":\"ListItem\",\"position\":2,\"name\":\"PROGRAMA INSTITUCIONAL EDUCACI\u00d3N Y TIC\"}]},{\"@type\":\"WebSite\",\"@id\":\"https:\/\/ifdc.edu.ar\/home\/#website\",\"url\":\"https:\/\/ifdc.edu.ar\/home\/\",\"name\":\"IFDC Bariloche\",\"description\":\"IFDC Bariloche\",\"potentialAction\":[{\"@type\":\"SearchAction\",\"target\":{\"@type\":\"EntryPoint\",\"urlTemplate\":\"https:\/\/ifdc.edu.ar\/home\/?s={search_term_string}\"},\"query-input\":{\"@type\":\"PropertyValueSpecification\",\"valueRequired\":true,\"valueName\":\"search_term_string\"}}],\"inLanguage\":\"es\"}]}<\/script>\n<!-- \/ Yoast SEO plugin. -->","yoast_head_json":{"title":"PROGRAMA INSTITUCIONAL EDUCACI\u00d3N Y TIC - IFDC Bariloche","robots":{"index":"index","follow":"follow","max-snippet":"max-snippet:-1","max-image-preview":"max-image-preview:large","max-video-preview":"max-video-preview:-1"},"canonical":"https:\/\/ifdc.edu.ar\/home\/programa-institucional-educacion-y-tic\/","og_locale":"es_ES","og_type":"article","og_title":"PROGRAMA INSTITUCIONAL EDUCACI\u00d3N Y TIC - IFDC Bariloche","og_description":"[et_pb_section fb_built=\u00bb1&#8243; _builder_version=\u00bb4.4.8&#8243; background_image=\u00bbhttps:\/\/ifdc.edu.ar\/home\/wp-content\/uploads\/2021\/02\/Gradiente-1.png\u00bb locked=\u00bboff\u00bb][et_pb_row _builder_version=\u00bb4.4.8&#8243;][et_pb_column type=\u00bb4_4&#8243; _builder_version=\u00bb4.4.8&#8243;][et_pb_text _builder_version=\u00bb4.4.8&#8243; header_text_color=\u00bb#f9f9f9&#8243;] PROGRAMA INSTITUCIONAL EDUCACI\u00d3N Y TIC [\/et_pb_text][\/et_pb_column][\/et_pb_row][\/et_pb_section][et_pb_section fb_built=\u00bb1&#8243; disabled_on=\u00bbon|on|on\u00bb _builder_version=\u00bb4.4.8&#8243; disabled=\u00bbon\u00bb][et_pb_row _builder_version=\u00bb4.4.8&#8243;][et_pb_column type=\u00bb4_4&#8243; _builder_version=\u00bb4.4.8&#8243;][et_pb_image src=\u00bbhttps:\/\/ifdc.edu.ar\/home\/wp-content\/uploads\/2023\/08\/logo-amb.png\u00bb title_text=\u00bblogo amb\u00bb _builder_version=\u00bb4.4.8&#8243; width=\u00bb33%\u00bb module_alignment=\u00bbcenter\u00bb][\/et_pb_image][\/et_pb_column][\/et_pb_row][et_pb_row _builder_version=\u00bb4.4.8&#8243;][et_pb_column [&hellip;]","og_url":"https:\/\/ifdc.edu.ar\/home\/programa-institucional-educacion-y-tic\/","og_site_name":"IFDC Bariloche","article_modified_time":"2024-03-07T15:48:28+00:00","twitter_card":"summary_large_image","twitter_misc":{"Tiempo de lectura":"8 minutos"},"schema":{"@context":"https:\/\/schema.org","@graph":[{"@type":"WebPage","@id":"https:\/\/ifdc.edu.ar\/home\/programa-institucional-educacion-y-tic\/","url":"https:\/\/ifdc.edu.ar\/home\/programa-institucional-educacion-y-tic\/","name":"PROGRAMA INSTITUCIONAL EDUCACI\u00d3N Y TIC - IFDC Bariloche","isPartOf":{"@id":"https:\/\/ifdc.edu.ar\/home\/#website"},"datePublished":"2023-08-29T14:32:45+00:00","dateModified":"2024-03-07T15:48:28+00:00","breadcrumb":{"@id":"https:\/\/ifdc.edu.ar\/home\/programa-institucional-educacion-y-tic\/#breadcrumb"},"inLanguage":"es","potentialAction":[{"@type":"ReadAction","target":["https:\/\/ifdc.edu.ar\/home\/programa-institucional-educacion-y-tic\/"]}]},{"@type":"BreadcrumbList","@id":"https:\/\/ifdc.edu.ar\/home\/programa-institucional-educacion-y-tic\/#breadcrumb","itemListElement":[{"@type":"ListItem","position":1,"name":"Portada","item":"https:\/\/ifdc.edu.ar\/home\/"},{"@type":"ListItem","position":2,"name":"PROGRAMA INSTITUCIONAL EDUCACI\u00d3N Y TIC"}]},{"@type":"WebSite","@id":"https:\/\/ifdc.edu.ar\/home\/#website","url":"https:\/\/ifdc.edu.ar\/home\/","name":"IFDC Bariloche","description":"IFDC Bariloche","potentialAction":[{"@type":"SearchAction","target":{"@type":"EntryPoint","urlTemplate":"https:\/\/ifdc.edu.ar\/home\/?s={search_term_string}"},"query-input":{"@type":"PropertyValueSpecification","valueRequired":true,"valueName":"search_term_string"}}],"inLanguage":"es"}]}},"_links":{"self":[{"href":"https:\/\/ifdc.edu.ar\/home\/wp-json\/wp\/v2\/pages\/7989","targetHints":{"allow":["GET"]}}],"collection":[{"href":"https:\/\/ifdc.edu.ar\/home\/wp-json\/wp\/v2\/pages"}],"about":[{"href":"https:\/\/ifdc.edu.ar\/home\/wp-json\/wp\/v2\/types\/page"}],"author":[{"embeddable":true,"href":"https:\/\/ifdc.edu.ar\/home\/wp-json\/wp\/v2\/users\/3"}],"replies":[{"embeddable":true,"href":"https:\/\/ifdc.edu.ar\/home\/wp-json\/wp\/v2\/comments?post=7989"}],"version-history":[{"count":11,"href":"https:\/\/ifdc.edu.ar\/home\/wp-json\/wp\/v2\/pages\/7989\/revisions"}],"predecessor-version":[{"id":8432,"href":"https:\/\/ifdc.edu.ar\/home\/wp-json\/wp\/v2\/pages\/7989\/revisions\/8432"}],"wp:attachment":[{"href":"https:\/\/ifdc.edu.ar\/home\/wp-json\/wp\/v2\/media?parent=7989"}],"curies":[{"name":"wp","href":"https:\/\/api.w.org\/{rel}","templated":true}]}}